{"id":402,"date":"2021-11-04T12:51:14","date_gmt":"2021-11-04T12:51:14","guid":{"rendered":"https:\/\/dev.marksite.es\/stem\/?page_id=402"},"modified":"2024-07-26T09:48:56","modified_gmt":"2024-07-26T09:48:56","slug":"bones-practiques-i-iniciatives-a-espanya","status":"publish","type":"page","link":"https:\/\/www.fundaciobit.org\/stem\/bones-practiques-i-iniciatives-a-espanya\/","title":{"rendered":"Bones pr\u00e0ctiques i iniciatives a Espanya"},"content":{"rendered":"<p>[et_pb_section fb_built=\u00bb1&#8243; _builder_version=\u00bb4.7.7&#8243; _module_preset=\u00bbdefault\u00bb background_color=\u00bb#ebf6fa\u00bb custom_padding=\u00bb40px||0px|||\u00bb da_disable_devices=\u00bboff|off|off\u00bb global_colors_info=\u00bb{}\u00bb da_is_popup=\u00bboff\u00bb da_exit_intent=\u00bboff\u00bb da_has_close=\u00bbon\u00bb da_alt_close=\u00bboff\u00bb da_dark_close=\u00bboff\u00bb da_not_modal=\u00bbon\u00bb da_is_singular=\u00bboff\u00bb da_with_loader=\u00bboff\u00bb da_has_shadow=\u00bbon\u00bb][et_pb_row _builder_version=\u00bb4.7.7&#8243; _module_preset=\u00bbdefault\u00bb custom_padding=\u00bb0px|||||\u00bb global_colors_info=\u00bb{}\u00bb][et_pb_column type=\u00bb4_4&#8243; _builder_version=\u00bb4.7.7&#8243; _module_preset=\u00bbdefault\u00bb global_colors_info=\u00bb{}\u00bb][et_pb_text _builder_version=\u00bb4.12.1&#8243; _module_preset=\u00bbdefault\u00bb text_font_size=\u00bb50px\u00bb text_line_height=\u00bb1.3em\u00bb header_font=\u00bb|700|||||||\u00bb header_text_align=\u00bbleft\u00bb header_text_color=\u00bb#000000&#8243; header_font_size=\u00bb75px\u00bb width=\u00bb100%\u00bb width_tablet=\u00bb83%\u00bb width_phone=\u00bb83%\u00bb width_last_edited=\u00bbon|phone\u00bb custom_margin=\u00bb||31px|||\u00bb custom_padding=\u00bb28px|||||\u00bb header_font_size_tablet=\u00bb55px\u00bb header_font_size_phone=\u00bb35px\u00bb header_font_size_last_edited=\u00bbon|tablet\u00bb locked=\u00bboff\u00bb global_colors_info=\u00bb{}\u00bb]<\/p>\n<h1><strong>Bones pr\u00e0ctiques i iniciatives a Espanya<\/strong><\/h1>\n<p>[\/et_pb_text][\/et_pb_column][\/et_pb_row][\/et_pb_section][et_pb_section fb_built=\u00bb1&#8243; module_id=\u00bbvideo\u00bb _builder_version=\u00bb4.7.7&#8243; _module_preset=\u00bbdefault\u00bb background_color=\u00bb#eb5c67&#8243; background_enable_image=\u00bboff\u00bb parallax=\u00bbon\u00bb z_index=\u00bb10&#8243; custom_padding=\u00bb75px||75px||true|\u00bb da_disable_devices=\u00bboff|off|off\u00bb global_colors_info=\u00bb{}\u00bb da_is_popup=\u00bboff\u00bb da_exit_intent=\u00bboff\u00bb da_has_close=\u00bbon\u00bb da_alt_close=\u00bboff\u00bb da_dark_close=\u00bboff\u00bb da_not_modal=\u00bbon\u00bb da_is_singular=\u00bboff\u00bb da_with_loader=\u00bboff\u00bb da_has_shadow=\u00bbon\u00bb][et_pb_row _builder_version=\u00bb4.7.7&#8243; _module_preset=\u00bbdefault\u00bb global_colors_info=\u00bb{}\u00bb][et_pb_column type=\u00bb4_4&#8243; _builder_version=\u00bb4.7.7&#8243; _module_preset=\u00bbdefault\u00bb global_colors_info=\u00bb{}\u00bb][et_pb_text _builder_version=\u00bb4.13.0&#8243; _module_preset=\u00bbdefault\u00bb text_text_color=\u00bb#ffffff\u00bb text_font_size=\u00bb40px\u00bb text_line_height=\u00bb1.1em\u00bb ul_font_size=\u00bb30px\u00bb ul_line_height=\u00bb1.1em\u00bb header_font=\u00bb||||||||\u00bb header_text_align=\u00bbleft\u00bb header_text_color=\u00bb#000000&#8243; header_font_size=\u00bb70px\u00bb header_2_font=\u00bb|700|||||||\u00bb header_2_text_color=\u00bb#ffffff\u00bb header_2_font_size=\u00bb65px\u00bb custom_margin=\u00bb||29px|||\u00bb text_font_size_tablet=\u00bb30px\u00bb text_font_size_phone=\u00bb20px\u00bb text_font_size_last_edited=\u00bbon|phone\u00bb ul_font_size_tablet=\u00bb30px\u00bb ul_font_size_phone=\u00bb20px\u00bb ul_font_size_last_edited=\u00bbon|phone\u00bb locked=\u00bboff\u00bb global_colors_info=\u00bb{}\u00bb width__hover_enabled=\u00bbon|desktop\u00bb]<\/p>\n<ul>\n<li><a href=\"https:\/\/www.apte.org\/ciencia-tecnologia-en-femenino\" target=\"_blank\" rel=\"noopener\"><strong>Ci\u00e8ncia i Tecnologia en femen\u00ed, d\u2019APTE<\/strong><\/a><br \/>Activitats d\u2019APTE (Associaci\u00f3 de Parcs Tecnol\u00f2gics d&#8217;Espanya) on hi participen el ParcBit de Mallorca i el CentreBit Menorca. L&#8217;objectiu \u00e9s animar la incorporaci\u00f3 femenina a la ci\u00e8ncia i la tecnologia a Espanya.<\/li>\n<li>A l&#8217;article cient\u00edfic <span style=\"color: #ffffff; font-family: Capsuula; font-size: 30px; font-style: normal; font-variant-ligatures: normal; font-variant-caps: normal; font-weight: 500; letter-spacing: normal; orphans: 2; text-align: left; text-indent: 0px; text-transform: none; white-space: normal; widows: 2; word-spacing: 0px; -webkit-text-stroke-width: 0px; background-color: #eb5c67; text-decoration-thickness: initial; text-decoration-style: initial; text-decoration-color: initial; display: inline !important; float: none;\">\u201c<\/span><strong><a href=\"https:\/\/www.tandfonline.com\/eprint\/56ZWDXCFTQKZJCFMAEXJ\/full?target=10.1080%2F09589236.2021.1922272&amp;\" target=\"_blank\" rel=\"noopener\">Science and Technology as Feminine\u2019: raising awareness about and reducing the gender gap in STEM careers<\/a><span style=\"color: #ffffff; font-family: Capsuula; font-size: 30px; font-style: normal; font-variant-ligatures: normal; font-variant-caps: normal; font-weight: 500; letter-spacing: normal; orphans: 2; text-align: left; text-indent: 0px; text-transform: none; white-space: normal; widows: 2; word-spacing: 0px; -webkit-text-stroke-width: 0px; background-color: #eb5c67; text-decoration-thickness: initial; text-decoration-style: initial; text-decoration-color: initial; display: inline !important; float: none;\">\u201d<\/span> <\/strong>s&#8217;analitza la baixa participaci\u00f3 de les dones en les carreres STEM i contribueix a treballar la bretxa de g\u00e8nere en STEM on avaluen la contribuci\u00f3 del projecte Ci\u00e8ncia i Tecnologia en femen\u00ed, impulsat per APTE, a la conscienciaci\u00f3 sobre la baixa participaci\u00f3 de les noies en STEM i a fomentar la participaci\u00f3 de les noies en carreres cient\u00edfiques i tecnol\u00f2giques a Espanya.<\/li>\n<li>La iniciativa <strong><a href=\"https:\/\/www.rsme.es\/category\/actividades-mujer-stem\/matesella\/\" target=\"_blank\" rel=\"noopener\">MatEsElla<\/a><\/strong> \u00e9s una proposta conjunta entre la Reial Societat Matem\u00e0tica Espanyola i l&#8217;Associaci\u00f3 Espanyola d&#8217;Ejecutiv@s i Consejer@s per a impulsar la carrera cient\u00edfica o empresarial entre dones estudiants del grau o el m\u00e0ster en disciplines STEM (ci\u00e8ncia, tecnologia, enginyeria i matem\u00e0tiques). Aix\u00ed mateix, cerca potenciar la carrera de les investigadores que participin com a mentores.<\/li>\n<li><a href=\"https:\/\/en.wikipedia.org\/wiki\/Matilda_effect\" target=\"_blank\" rel=\"noopener\"><strong><em>L&#8217;<\/em><em><strong>e<\/strong>fecte Matilda<\/em><\/strong><\/a>\u00a0posa de manifest no nom\u00e9s la discriminaci\u00f3 patida per les dones, sin\u00f3 que tamb\u00e9 reflecteix la negaci\u00f3 de les aportacions, descobriments i la feina de moltes dones cient\u00edfiques, atorgant l&#8217;autoria a companys d&#8217;investigaci\u00f3 homes.\u00a0<em>#NoMoreMatildas<\/em>\u00a0\u00e9s una idea de l&#8217;ag\u00e8ncia creativa\u00a0<strong><a href=\"http:\/\/www.gettingbetter.es\/\" target=\"_blank\" rel=\"noopener\">Gettingbetter<\/a><\/strong>, amb la col\u00b7laboraci\u00f3 de l&#8217;editorial\u00a0<strong><a href=\"https:\/\/www.dospassos.es\/\" target=\"_blank\" rel=\"noopener\">Dospassos<\/a><\/strong>. Ha comptat, a m\u00e9s, amb el suport de l&#8217;<strong><a href=\"https:\/\/www.europarl.europa.eu\/spain\/es\/eurodiputados.html\" target=\"_blank\" rel=\"noopener\">Oficina Espa\u00f1ola del Parlamento Europeo<\/a><\/strong> i ha estat produ\u00efda per Kamestudio.<\/li>\n<li><a href=\"https:\/\/mujeresconciencia.com\/\" target=\"_blank\" rel=\"noopener\"><strong>Mujeres con ciencia<\/strong><\/a>\u00a0neix amb l&#8217;objectiu de mostrar qu\u00e8 fan i han fet les dones que s&#8217;han dedicat i dediquen a la ci\u00e8ncia i la tecnologia. Biografies, entrevistes, esdeveniments, efem\u00e8rides i tota mena de cr\u00f2niques o fets rellevants tindran cabuda en aquest mitj\u00e0. El seu prop\u00f2sit \u00e9s que Dones amb ci\u00e8ncia faci con\u00e8ixer l&#8217;exist\u00e8ncia d&#8217;aquestes dones, la seva feina i les circumst\u00e0ncies en qu\u00e8 el van dur a terme o el desenvolupen.<\/li>\n<li><a href=\"http:\/\/blog.loretahur.net\/directorio-de-iniciativas-womeninstem\" target=\"_blank\" rel=\"noopener\"><strong>Directori de formaci\u00f3, beques, premis, material, jocs, divulgaci\u00f3, manifestos, <\/strong><\/a>\u2026 Women in STEM a tota Espanya al Blog de Lorena Fern\u00e1ndez \u00c1lvarez.<\/li>\n<li><a href=\"https:\/\/cientificasinnovadoras.fecyt.es\/\" target=\"_blank\" rel=\"noopener\"><strong>El FECYT t\u00e9 una web on trobar referents de dones STEM.<\/strong><\/a><br \/>El Ministeri de Ci\u00e8ncia i Innovaci\u00f3, a trav\u00e9s de la seva Unitat de Dones i Ci\u00e8ncia i en col\u00b7laboraci\u00f3 amb la Fundaci\u00f3 Espanyola per a la Ci\u00e8ncia i la Tecnologia (FECYT), vol donar visibilitat a dones cient\u00edfiques i innovadores espanyoles, reconegudes en l&#8217;\u00e0mbit nacional i internacional el 2020. Totes elles destaquen per la seva important tasca cientifico-t\u00e8cnica en les seves diferents disciplines i s\u00f3n referents per a les noves generacions de joves investigadores.<\/li>\n<li><a href=\"https:\/\/www.digitales.es\/generacion-a\/\" target=\"_blank\" rel=\"noopener\"><strong>Generaci\u00f3n A<\/strong><\/a><br \/>L&#8217;associaci\u00f3 DigitalES, en col\u00b7laboraci\u00f3 amb el projecte Dona i Enginyeria de la Reial Acad\u00e8mia d&#8217;Enginyeria, ha llan\u00e7at la campanya <span style=\"color: #ffffff; font-family: Capsuula; font-size: 30px; font-style: normal; font-variant-ligatures: normal; font-variant-caps: normal; font-weight: 500; letter-spacing: normal; orphans: 2; text-align: left; text-indent: 0px; text-transform: none; white-space: normal; widows: 2; word-spacing: 0px; -webkit-text-stroke-width: 0px; background-color: #eb5c67; text-decoration-thickness: initial; text-decoration-style: initial; text-decoration-color: initial; display: inline !important; float: none;\">\u201c<\/span>Generaci\u00f3n A<span style=\"color: #ffffff; font-family: Capsuula; font-size: 30px; font-style: normal; font-variant-ligatures: normal; font-variant-caps: normal; font-weight: 500; letter-spacing: normal; orphans: 2; text-align: left; text-indent: 0px; text-transform: none; white-space: normal; widows: 2; word-spacing: 0px; -webkit-text-stroke-width: 0px; background-color: #eb5c67; text-decoration-thickness: initial; text-decoration-style: initial; text-decoration-color: initial; display: inline !important; float: none;\">\u201d<\/span>. Es tracta d&#8217;una iniciativa amb la qual 44 professionals STEM protagonitzen v\u00eddeos dirigits a nines a partir de 12 anys. En ells, relaten per qu\u00e8 es van decantar per una carrera t\u00e8cnica, quina ha estat la seva experi\u00e8ncia professional o com \u00e9s el seu dia a dia.Gaireb\u00e9 mig centenar de dones que participen en aquesta campanya treballen, a l&#8217;actualitat, en empreses del sector tecnol\u00f2gic a Espanya. A trav\u00e9s d&#8217;aquesta iniciativa, aquestes dones cerquen orientar o servir de referents per a aquelles joves que reuneixen les habilitats per a ser grans professionals STEM en el futur. <span style=\"color: #ffffff; font-family: Capsuula; font-size: 30px; font-style: normal; font-variant-ligatures: normal; font-variant-caps: normal; font-weight: 500; letter-spacing: normal; orphans: 2; text-align: left; text-indent: 0px; text-transform: none; white-space: normal; widows: 2; word-spacing: 0px; -webkit-text-stroke-width: 0px; background-color: #eb5c67; text-decoration-thickness: initial; text-decoration-style: initial; text-decoration-color: initial; display: inline !important; float: none;\">\u201c<\/span>Generaci\u00f3n A<span style=\"color: #ffffff; font-family: Capsuula; font-size: 30px; font-style: normal; font-variant-ligatures: normal; font-variant-caps: normal; font-weight: 500; letter-spacing: normal; orphans: 2; text-align: left; text-indent: 0px; text-transform: none; white-space: normal; widows: 2; word-spacing: 0px; -webkit-text-stroke-width: 0px; background-color: #eb5c67; text-decoration-thickness: initial; text-decoration-style: initial; text-decoration-color: initial; display: inline !important; float: none;\">\u201d<\/span> \u00e9s la primera acci\u00f3 conjunta entre Digitals i la Reial Acad\u00e8mia d&#8217;Enginyeria<\/li>\n<li><a href=\"https:\/\/talent-girl.com\/\" target=\"_blank\" rel=\"noopener\"><strong>Fundaci\u00f3 ASTI amb TalentGirl<\/strong><\/a><br \/>Si ets alumna de secund\u00e0ria o batxillerat, amb aquest programa pioner per al <strong>desenvolupament del talent i el foment de les vocacions STEM en poblaci\u00f3 femenina<\/strong>, t&#8217;acompanyaran a trav\u00e9s de 3 blocs d&#8217;activitats. Ajuda a\u00a0 identificar el teu talent i descobrir tot el teu potencial. Permet\u00a0 desenvolupar-lo i aprendre quines s\u00f3n les professions del futur, les m\u00e9s demandades a nivell d&#8217;ocupaci\u00f3 i que s\u00f3n claus per a la societat. Tot aix\u00f2 en un entorn virtual i flexible. Sempre acompanyada i assessorada per l&#8217;equip d&#8217;ASTI Foundation, podr\u00e0s preparar-te per a comen\u00e7ar un viatge sorprenent.<br \/>Tenen 3 tipus de mentores:\n<ul>\n<li>Les mentores del programa \u201cScience for Her\u201d acompanyen a alumnes de 3r i 4t d&#8217;ESO per a fer sessions de shadowing.<\/li>\n<li>Les mentores \u201cMentor Women\u201d formaran part d&#8217;un programa de mentoritzaci\u00f3 dirigit a alumnes de Batxillerat.<\/li>\n<li>Les mentores \u201cReal Work\u201d formaran part d&#8217;un programa de mentoritzaci\u00f3 dirigit a alumnes universit\u00e0ries.<\/li>\n<\/ul>\n<p><strong>Quines oportunitats ofereix per les mentores?<\/strong><\/p>\n<ul>\n<li>XARXA DE MENTORES<br \/>Formar\u00e0s part d&#8217;una xarxa de mentores a nivell internacional.<\/li>\n<li>IMPACTAR<br \/>Influir\u00e0s en la vida professional de nines i joves brillants.<\/li>\n<li>CREIXEMENT PROFESSIONAL<br \/>Desenvolupar\u00e0s la teva marca personal i el teu CV.<\/li>\n<li>EXPERI\u00c8NCIA<br \/>Podr\u00e0s participar en esdeveniments i col\u00b7laborar en els diferents programes del projecte.<\/li>\n<\/ul>\n<\/li>\n<\/ul>\n<ul>\n<li><strong><a href=\"https:\/\/inspirasteam.net\/conoce-el-proyecto\/\" target=\"_blank\" rel=\"noopener\">Inspira STEAM<\/a>\u00a0<\/strong>\u00e9s un projecte promogut per la Universitat de Deusto, que compta amb la col\u00b7laboraci\u00f3 d&#8217;Innobasque a Euskadi, la Universitat Rovira i Virgili a Catalunya, CIONET a Madrid, la Universitat de Ja\u00e9n a Andalusia, la Universitat de Vigo i la Universidade da Coru\u00f1a a Gal\u00edcia, la Universitat d&#8217;Oviedo a Ast\u00faries, la UCAM a M\u00farcia. Inspira STEAM \u00e9s un projecte pioner per al foment de la vocaci\u00f3 cient\u00edfico-tecnol\u00f2gica entre les nines, basat en accions de sensibilitzaci\u00f3 i orientaci\u00f3, que imparteixen dones professionals del m\u00f3n de la recerca, la ci\u00e8ncia i la tecnologia. Es tracta de la primera vegada que s&#8217;utilitza la t\u00e8cnica del mentoring grupal en un projecte de foment de les STEAM (Science, Technology, Engineering, Arts and Maths) entre estudiants de prim\u00e0ria.<strong><a href=\"https:\/\/inspirasteam.net\/manifiesto\/\" target=\"_blank\" rel=\"noopener\">Manifest de g\u00e8nere d&#8217;inspira STEM.<\/a><\/strong><\/li>\n<li><a href=\"https:\/\/www.inspiring-girls.es\/\" target=\"_blank\" rel=\"noopener\"><strong>Inspiring Girls<\/strong><\/a> est\u00e0 focalitzada a augmentar l&#8217;ambici\u00f3 professional de les nines aix\u00ed com les seves expectatives laborals, sobretot en sectors menys feminitzats com els STEM. Es tracta de posar en contacte a nines en edat escolar amb dones professionals de tots els sectors, que els serveixin d&#8217;exemple i referent, ajudant-les a visibilitzar l&#8217;\u00e0mplia varietat de professions i treballs que existeixen sense que el g\u00e8nere suposi cap limitaci\u00f3. Aquestes volunt\u00e0ries comparteixen la seva experi\u00e8ncia amb les nines, inspirant-les i transmetent-les valors com l&#8217;esfor\u00e7 i la const\u00e0ncia, perqu\u00e8 apuntin alt i puguin ser el que vulguin ser. Inspiring Girls va ser fundada al Regne Unit per una advocada espanyola, Miriam Gonz\u00e1lez Dur\u00e1ntez, i durant els primers anys, m\u00e9s de 600.000 nines han apr\u00e8s de m\u00e9s de 26.000 professionals volunt\u00e0ries.<\/li>\n<\/ul>\n<p>&nbsp;<\/p>\n<p>[\/et_pb_text][\/et_pb_column][\/et_pb_row][\/et_pb_section][et_pb_section fb_built=\u00bb1&#8243; _builder_version=\u00bb4.7.7&#8243; _module_preset=\u00bbdefault\u00bb background_color=\u00bb#ebf6fa\u00bb custom_padding=\u00bb40px||0px|||\u00bb da_disable_devices=\u00bboff|off|off\u00bb locked=\u00bboff\u00bb global_colors_info=\u00bb{}\u00bb da_is_popup=\u00bboff\u00bb da_exit_intent=\u00bboff\u00bb da_has_close=\u00bbon\u00bb da_alt_close=\u00bboff\u00bb da_dark_close=\u00bboff\u00bb da_not_modal=\u00bbon\u00bb da_is_singular=\u00bboff\u00bb da_with_loader=\u00bboff\u00bb da_has_shadow=\u00bbon\u00bb][et_pb_row _builder_version=\u00bb4.7.7&#8243; _module_preset=\u00bbdefault\u00bb custom_padding=\u00bb0px|||||\u00bb global_colors_info=\u00bb{}\u00bb][et_pb_column type=\u00bb4_4&#8243; _builder_version=\u00bb4.7.7&#8243; _module_preset=\u00bbdefault\u00bb global_colors_info=\u00bb{}\u00bb][et_pb_text _builder_version=\u00bb4.13.0&#8243; _module_preset=\u00bbdefault\u00bb text_font_size=\u00bb50px\u00bb text_line_height=\u00bb1.3em\u00bb header_font=\u00bb|700|||||||\u00bb header_text_align=\u00bbleft\u00bb header_text_color=\u00bb#000000&#8243; header_font_size=\u00bb75px\u00bb width=\u00bb100%\u00bb width_tablet=\u00bb83%\u00bb width_phone=\u00bb83%\u00bb width_last_edited=\u00bbon|phone\u00bb custom_margin=\u00bb||31px|||\u00bb custom_padding=\u00bb28px|||||\u00bb header_font_size_tablet=\u00bb55px\u00bb header_font_size_phone=\u00bb35px\u00bb header_font_size_last_edited=\u00bbon|tablet\u00bb locked=\u00bboff\u00bb global_colors_info=\u00bb{}\u00bb]<\/p>\n<h1><strong>Bones pr\u00e0ctiques i iniciatives a altres CCAA<\/strong><\/h1>\n<p>[\/et_pb_text][\/et_pb_column][\/et_pb_row][\/et_pb_section][et_pb_section fb_built=\u00bb1&#8243; module_id=\u00bbvideo\u00bb _builder_version=\u00bb4.7.7&#8243; _module_preset=\u00bbdefault\u00bb background_color=\u00bb#eb5c67&#8243; background_enable_image=\u00bboff\u00bb parallax=\u00bbon\u00bb z_index=\u00bb10&#8243; custom_padding=\u00bb75px||75px||true|\u00bb da_disable_devices=\u00bboff|off|off\u00bb locked=\u00bboff\u00bb global_colors_info=\u00bb{}\u00bb da_is_popup=\u00bboff\u00bb da_exit_intent=\u00bboff\u00bb da_has_close=\u00bbon\u00bb da_alt_close=\u00bboff\u00bb da_dark_close=\u00bboff\u00bb da_not_modal=\u00bbon\u00bb da_is_singular=\u00bboff\u00bb da_with_loader=\u00bboff\u00bb da_has_shadow=\u00bbon\u00bb][et_pb_row _builder_version=\u00bb4.7.7&#8243; _module_preset=\u00bbdefault\u00bb global_colors_info=\u00bb{}\u00bb][et_pb_column type=\u00bb4_4&#8243; _builder_version=\u00bb4.7.7&#8243; _module_preset=\u00bbdefault\u00bb global_colors_info=\u00bb{}\u00bb][et_pb_text _builder_version=\u00bb4.13.0&#8243; _module_preset=\u00bbdefault\u00bb text_text_color=\u00bb#ffffff\u00bb text_font_size=\u00bb40px\u00bb text_line_height=\u00bb1.1em\u00bb ul_font_size=\u00bb30px\u00bb ul_line_height=\u00bb1.1em\u00bb header_font=\u00bb||||||||\u00bb header_text_align=\u00bbleft\u00bb header_text_color=\u00bb#000000&#8243; header_font_size=\u00bb70px\u00bb header_2_font=\u00bb|700|||||||\u00bb header_2_text_color=\u00bb#ffffff\u00bb header_2_font_size=\u00bb65px\u00bb custom_margin=\u00bb||29px|||\u00bb text_font_size_tablet=\u00bb30px\u00bb text_font_size_phone=\u00bb20px\u00bb text_font_size_last_edited=\u00bbon|phone\u00bb ul_font_size_tablet=\u00bb30px\u00bb ul_font_size_phone=\u00bb20px\u00bb ul_font_size_last_edited=\u00bbon|phone\u00bb locked=\u00bboff\u00bb global_colors_info=\u00bb{}\u00bb width__hover_enabled=\u00bbon|desktop\u00bb]<\/p>\n<ul>\n<li><strong><a href=\"https:\/\/ciberespiral.org\/\" target=\"_blank\" rel=\"noopener\">Ciberespiral<\/a><\/strong> \u00e9s una associaci\u00f3 a Barcelona que cerca mentores i t\u00e9 un programa que es diu Girl 4 change\n<p>&nbsp;<\/p>\n<p>&nbsp;<\/p>\n<ul>\n<li>Els estudiants madrilenys avancen cap a la seva independ\u00e8ncia digital amb \u2018<strong><a href=\"https:\/\/www.innovaspain.com\/estudiantes-madrilenos-digicraft-en-tu-cole\/\" target=\"_blank\" rel=\"noopener\">DigiCraft en la teva escola<\/a><\/strong>\u2019 El programa de la Comunitat de Madrid, juntament amb la <a href=\"https:\/\/digicraft.fundacionvodafone.es\/\" target=\"_blank\" rel=\"noopener\"><strong>Fundaci\u00f3 Vodafone<\/strong><\/a>, treballa les compet\u00e8ncies digitals i STEM en alumnes d&#8217;entre 6 i 12 anys, per nines i nins.<\/li>\n<li>Talentgrowth management \u00e9s a Val\u00e8ncia i organitza tallers per l&#8217;\u00fas de les TIC i la reducci\u00f3 de la bretxa de g\u00e8nere en el m\u00f3n digital amb Talent Garage, Tecnovation, #steMatEsElla<\/li>\n<li>Castella La Manxa t\u00e9 una s\u00e8rie de <strong><a href=\"https:\/\/mujeresciencia.isabelperillan.org\/podcast\" target=\"_blank\" rel=\"noopener\">podcasts<\/a><\/strong>, de dones cient\u00edfiques, gravats per alumnes de 1r d&#8217;ESO, de l&#8217;Institut Isabel Perillan.<\/li>\n<\/ul>\n<\/li>\n<li><a href=\"https:\/\/www.meetup.com\/es-ES\/PyLadies-BCN\/\" target=\"_blank\" rel=\"noopener\"><strong>Pyladies a Barcelona<\/strong><\/a><br \/>Un grup de tutoria internacional amb l&#8217;objectiu d&#8217;ajudar a m\u00e9s dones a convertir-se en participants actives i l\u00edders de la comunitat de codi obert Python. La seva missi\u00f3 \u00e9s promoure, educar i avan\u00e7ar en una comunitat Python diversa mitjan\u00e7ant divulgaci\u00f3, educaci\u00f3, confer\u00e8ncies, esdeveniments i tert\u00falies socials. PyLadies tamb\u00e9 pret\u00e9n proporcionar una xarxa de suport amable per a les dones i un pont cap al m\u00f3n m\u00e9s gran de Python.<\/li>\n<li><strong><a href=\"https:\/\/xn--fundaci-r0a.cat\/setena-edicio-dels-premis-donatic\" target=\"_blank\" rel=\"noopener\">Premis DonaTIC<\/a><\/strong> a Catalunya de la Fundaci\u00f3.cat.\n<ul>\n<li>DonaTIC 2021: un referent per empoderar les dones<br \/>Vuit dones procedents dels \u00e0mbits empresarial, professional i acad\u00e8mic, una iniciativa empresarial i una iniciativa social han estat guardonades d&#8217;un total de 80 candidatures que optaven als Premis DonaTIC 2021. Aquests guardons, impulsats pel Departament de la Vicepresid\u00e8ncia, Pol\u00edtiques Digitals i Territori, s&#8217;inscriuen dins el Pla DonaTIC que t\u00e9 com objectiu prioritari incrementar la pres\u00e8ncia femenina en el sector tecnol\u00f2gic.<\/li>\n<\/ul>\n<\/li>\n<li>Associaci\u00f3 de Dones Investigadores i Tecn\u00f2logues a Catalunya <a href=\"http:\/\/www.amit-cat.org\/index.html\" target=\"_blank\" rel=\"noopener\">AMIT-CAT<\/a><\/li>\n<li><strong><a href=\"https:\/\/www.observatorio-empresas.vodafone.es\/videos-protagonizados-por-mujeres\/\" target=\"_blank\" rel=\"noopener\">L&#8217;Observatori Vodafone<\/a><\/strong> de l&#8217;Empresa ha creat un repositori amb perfils de dones en el centre de la digitalitzaci\u00f3 a diversos \u00e0mbits de la societat.\u00a0 <span style=\"color: #ffffff; font-family: Capsuula; font-size: 30px; font-style: normal; font-variant-ligatures: normal; font-variant-caps: normal; font-weight: 500; letter-spacing: normal; orphans: 2; text-align: left; text-indent: 0px; text-transform: none; white-space: normal; widows: 2; word-spacing: 0px; -webkit-text-stroke-width: 0px; background-color: #eb5c67; text-decoration-thickness: initial; text-decoration-style: initial; text-decoration-color: initial; display: inline !important; float: none;\">\u201c<\/span>M\u00e1s mujeres en el centro de la digitalizaci\u00f3n<strong style=\"box-sizing: border-box; margin: 0px; padding: 0px; border: 0px; outline: 0px; font-size: 30px; text-size-adjust: 100%; vertical-align: baseline; background: #eb5c67; font-weight: bold; color: #ffffff; font-family: Capsuula; font-style: normal; font-variant-ligatures: normal; font-variant-caps: normal; letter-spacing: normal; orphans: 2; text-align: left; text-indent: 0px; text-transform: none; white-space: normal; widows: 2; word-spacing: 0px; -webkit-text-stroke-width: 0px; text-decoration-thickness: initial; text-decoration-style: initial; text-decoration-color: initial;\"><span style=\"box-sizing: border-box; margin: 0px; padding: 0px; border: 0px; outline: 0px; font-size: 30px; text-size-adjust: 100%; vertical-align: baseline; background: #eb5c67; color: #ffffff; font-family: Capsuula; font-style: normal; font-variant-ligatures: normal; font-variant-caps: normal; font-weight: 500; letter-spacing: normal; orphans: 2; text-align: left; text-indent: 0px; text-transform: none; white-space: normal; widows: 2; word-spacing: 0px; -webkit-text-stroke-width: 0px; text-decoration-thickness: initial; text-decoration-style: initial; text-decoration-color: initial; display: inline !important;\">\u201d<\/span><\/strong><\/li>\n<li><strong><a href=\"http:\/\/www.technovationchallenge.org\/\">Technovation Girls<\/a>\u00a0<\/strong>\u00e9s un concurs internacional de\u00a0<strong>tecnologia<\/strong>\u00a0i\u00a0<strong>emprenedoria<\/strong>\u00a0que cada any convida a\u00a0<strong>nines<\/strong>\u00a0i\u00a0<strong>adolescents<\/strong>\u00a0entre 10-18 anys a crear una\u00a0<strong>aplicaci\u00f3 m\u00f2bil<\/strong> com a soluci\u00f3 tecnol\u00f2gica a un problema social. A Catalunya hi col\u00b7labora la UOC amb voluntariat.<\/li>\n<li>GenTIC G\u00e8nere i TIC: Investigant el G\u00e8nere a la Societat Xarxa<br \/>El grup de recerca\u00a0<strong>GENTIC\u00a0<\/strong>analitza les relacions de g\u00e8nere que intervenen en el disseny, el desenvolupament i l&#8217;\u00fas de les innovacions cient\u00edfiques i tecnol\u00f2giques, amb un especial \u00e8mfasi en les tecnologies de la informaci\u00f3 i comunicaci\u00f3 (TIC) i els \u00e0mbits STEM (ci\u00e8ncia, tecnologia, enginyeria i matem\u00e0tiques, en la sigla en angl\u00e8s). Aborden els efectes d&#8217;Internet i les TIC en diferents aspectes de l&#8217;activitat humana des d&#8217;una perspectiva de g\u00e8nere i amb un enfocament interdisciplinari.<br \/>Publicaci\u00f3: <a href=\"https:\/\/www.frontiersin.org\/articles\/10.3389\/fpsyg.2020.02204\/full#h9\" target=\"_blank\" rel=\"noopener\"><strong>Girls in STEM: Is It a Female Role-Model Thing?<\/strong><\/a><\/li>\n<li>Nou podcast de les\u00a0Young IT Girls, Non profit Organization, un podcast de divulgaci\u00f3 de dones al m\u00f3n STEM!! Entrevistes cada quinzena a partir del 15 de septembre 2021 amb cient\u00edfiques i tecn\u00f2logues.<br \/><a href=\"http:\/\/Nou podcast de les\u00a0Young IT Girls, Non profit Organization, un podcast de divulgaci\u00f3 de dones al m\u00f3n STEM!! Entrevistes cada quinzena a partir del 15 de septembre 2021 amb cient\u00edfiques i tecn\u00f2logues. Spotify IVoox\" target=\"_blank\" rel=\"noopener\" data-wplink-url-error=\"true\">Spotify<\/a><br \/><a href=\"https:\/\/www.ivoox.com\/1x00-introduccio-fem-cafe-audios-mp3_rf_74877023_1.html\" target=\"_blank\" rel=\"noopener\">IVoox<\/a><\/li>\n<\/ul>\n<p>[\/et_pb_text][\/et_pb_column][\/et_pb_row][\/et_pb_section]<\/p>\n","protected":false},"excerpt":{"rendered":"<p>Bones pr\u00e0ctiques i iniciatives a Espanya Ci\u00e8ncia i Tecnologia en femen\u00ed, d\u2019APTEActivitats d\u2019APTE (Associaci\u00f3 de Parcs Tecnol\u00f2gics d&#8217;Espanya) on hi participen el ParcBit de Mallorca i el CentreBit Menorca. L&#8217;objectiu \u00e9s animar la incorporaci\u00f3 femenina a la ci\u00e8ncia i la tecnologia a Espanya. A l&#8217;article cient\u00edfic \u201cScience and Technology as Feminine\u2019: raising awareness about and [&hellip;]<\/p>\n","protected":false},"author":1,"featured_media":0,"parent":0,"menu_order":0,"comment_status":"closed","ping_status":"closed","template":"","meta":{"_et_pb_use_builder":"on","_et_pb_old_content":"","_et_gb_content_width":"","footnotes":""},"class_list":["post-402","page","type-page","status-publish","hentry"],"_links":{"self":[{"href":"https:\/\/www.fundaciobit.org\/stem\/wp-json\/wp\/v2\/pages\/402","targetHints":{"allow":["GET"]}}],"collection":[{"href":"https:\/\/www.fundaciobit.org\/stem\/wp-json\/wp\/v2\/pages"}],"about":[{"href":"https:\/\/www.fundaciobit.org\/stem\/wp-json\/wp\/v2\/types\/page"}],"author":[{"embeddable":true,"href":"https:\/\/www.fundaciobit.org\/stem\/wp-json\/wp\/v2\/users\/1"}],"replies":[{"embeddable":true,"href":"https:\/\/www.fundaciobit.org\/stem\/wp-json\/wp\/v2\/comments?post=402"}],"version-history":[{"count":33,"href":"https:\/\/www.fundaciobit.org\/stem\/wp-json\/wp\/v2\/pages\/402\/revisions"}],"predecessor-version":[{"id":816,"href":"https:\/\/www.fundaciobit.org\/stem\/wp-json\/wp\/v2\/pages\/402\/revisions\/816"}],"wp:attachment":[{"href":"https:\/\/www.fundaciobit.org\/stem\/wp-json\/wp\/v2\/media?parent=402"}],"curies":[{"name":"wp","href":"https:\/\/api.w.org\/{rel}","templated":true}]}}