{"id":386,"date":"2021-11-04T12:35:43","date_gmt":"2021-11-04T12:35:43","guid":{"rendered":"https:\/\/dev.marksite.es\/stem\/?page_id=386"},"modified":"2025-03-27T12:19:51","modified_gmt":"2025-03-27T12:19:51","slug":"iniciatives","status":"publish","type":"page","link":"https:\/\/www.fundaciobit.org\/stem\/iniciatives\/","title":{"rendered":"Iniciatives"},"content":{"rendered":"<p>[et_pb_section fb_built=\u00bb1&#8243; _builder_version=\u00bb4.13.0&#8243; _module_preset=\u00bbdefault\u00bb background_color=\u00bbRGBA(0,0,0,0)\u00bb positioning=\u00bbfixed\u00bb position_origin_f=\u00bbtop_center\u00bb custom_padding=\u00bb0px|||||\u00bb da_disable_devices=\u00bboff|off|off\u00bb global_colors_info=\u00bb{}\u00bb da_is_popup=\u00bboff\u00bb da_exit_intent=\u00bboff\u00bb da_has_close=\u00bbon\u00bb da_alt_close=\u00bboff\u00bb da_dark_close=\u00bboff\u00bb da_not_modal=\u00bbon\u00bb da_is_singular=\u00bboff\u00bb da_with_loader=\u00bboff\u00bb da_has_shadow=\u00bbon\u00bb][et_pb_row _builder_version=\u00bb4.13.0&#8243; _module_preset=\u00bbdefault\u00bb width=\u00bb90%\u00bb max_width=\u00bb90%\u00bb custom_padding=\u00bb15px|||||\u00bb global_colors_info=\u00bb{}\u00bb][et_pb_column type=\u00bb4_4&#8243; _builder_version=\u00bb4.12.1&#8243; _module_preset=\u00bbdefault\u00bb global_colors_info=\u00bb{}\u00bb][et_pb_image src=\u00bbhttps:\/\/www.fundaciobit.org\/stem\/wp-content\/uploads\/2021\/10\/Steam-Logo-Top.svg\u00bb title_text=\u00bbSteam-Logo-Top\u00bb url=\u00bb@ET-DC@eyJkeW5hbWljIjp0cnVlLCJjb250ZW50IjoiaG9tZV91cmwiLCJzZXR0aW5ncyI6e319@\u00bb _builder_version=\u00bb4.12.1&#8243; _dynamic_attributes=\u00bburl\u00bb _module_preset=\u00bbdefault\u00bb width=\u00bb15%\u00bb width_tablet=\u00bb20%\u00bb width_phone=\u00bb30%\u00bb width_last_edited=\u00bbon|phone\u00bb max_width=\u00bb100%\u00bb module_alignment=\u00bbright\u00bb custom_margin=\u00bb||30px|||\u00bb global_colors_info=\u00bb{}\u00bb][\/et_pb_image][et_pb_button button_url=\u00bb@ET-DC@eyJkeW5hbWljIjp0cnVlLCJjb250ZW50IjoiaG9tZV91cmwiLCJzZXR0aW5ncyI6e319@\u00bb button_text=\u00bbTornar\u00bb button_alignment=\u00bbright\u00bb disabled_on=\u00bboff|off|off\u00bb _builder_version=\u00bb4.13.0&#8243; _dynamic_attributes=\u00bbbutton_url\u00bb _module_preset=\u00bbdefault\u00bb custom_button=\u00bbon\u00bb button_text_color=\u00bb#E02B20&#8243; button_bg_color=\u00bb#FFFFFF\u00bb button_use_icon=\u00bboff\u00bb custom_margin=\u00bb|50px|||false|false\u00bb custom_margin_tablet=\u00bb-10px|20px|||false|false\u00bb custom_margin_phone=\u00bb-20px|15px|||false|false\u00bb custom_margin_last_edited=\u00bbon|desktop\u00bb button_text_size_tablet=\u00bb20px\u00bb button_text_size_phone=\u00bb15px\u00bb button_text_size_last_edited=\u00bbon|phone\u00bb locked=\u00bboff\u00bb global_colors_info=\u00bb{}\u00bb][\/et_pb_button][\/et_pb_column][\/et_pb_row][\/et_pb_section][et_pb_section fb_built=\u00bb1&#8243; _builder_version=\u00bb4.13.0&#8243; _module_preset=\u00bbdefault\u00bb background_color=\u00bbRGBA(0,0,0,0)\u00bb positioning=\u00bbfixed\u00bb position_origin_f=\u00bbtop_center\u00bb custom_padding=\u00bb0px|||||\u00bb da_disable_devices=\u00bboff|off|off\u00bb global_colors_info=\u00bb{}\u00bb da_is_popup=\u00bboff\u00bb da_exit_intent=\u00bboff\u00bb da_has_close=\u00bbon\u00bb da_alt_close=\u00bboff\u00bb da_dark_close=\u00bboff\u00bb da_not_modal=\u00bbon\u00bb da_is_singular=\u00bboff\u00bb da_with_loader=\u00bboff\u00bb da_has_shadow=\u00bbon\u00bb][et_pb_row _builder_version=\u00bb4.12.1&#8243; _module_preset=\u00bbdefault\u00bb width=\u00bb90%\u00bb max_width=\u00bb90%\u00bb custom_padding=\u00bb15px|||||\u00bb global_colors_info=\u00bb{}\u00bb][et_pb_column type=\u00bb4_4&#8243; _builder_version=\u00bb4.12.1&#8243; _module_preset=\u00bbdefault\u00bb global_colors_info=\u00bb{}\u00bb][et_pb_image src=\u00bbhttps:\/\/www.fundaciobit.org\/stem\/wp-content\/uploads\/2021\/10\/Steam-Logo-Top.svg\u00bb title_text=\u00bbSteam-Logo-Top\u00bb url=\u00bb@ET-DC@eyJkeW5hbWljIjp0cnVlLCJjb250ZW50IjoiaG9tZV91cmwiLCJzZXR0aW5ncyI6e319@\u00bb _builder_version=\u00bb4.12.1&#8243; _dynamic_attributes=\u00bburl\u00bb _module_preset=\u00bbdefault\u00bb width=\u00bb15%\u00bb width_tablet=\u00bb20%\u00bb width_phone=\u00bb30%\u00bb width_last_edited=\u00bbon|phone\u00bb max_width=\u00bb100%\u00bb module_alignment=\u00bbright\u00bb custom_margin=\u00bb||30px|||\u00bb global_colors_info=\u00bb{}\u00bb][\/et_pb_image][et_pb_button button_url=\u00bb@ET-DC@eyJkeW5hbWljIjp0cnVlLCJjb250ZW50IjoiaG9tZV91cmwiLCJzZXR0aW5ncyI6e319@\u00bb button_text=\u00bbTornar\u00bb button_alignment=\u00bbright\u00bb disabled_on=\u00bboff|off|off\u00bb _builder_version=\u00bb4.13.0&#8243; _dynamic_attributes=\u00bbbutton_url\u00bb _module_preset=\u00bbdefault\u00bb custom_button=\u00bbon\u00bb button_text_color=\u00bb#E02B20&#8243; button_bg_color=\u00bb#FFFFFF\u00bb button_use_icon=\u00bboff\u00bb custom_margin=\u00bb|50px|||false|false\u00bb custom_margin_tablet=\u00bb-10px|20px|||false|false\u00bb custom_margin_phone=\u00bb-20px|15px|||false|false\u00bb custom_margin_last_edited=\u00bbon|desktop\u00bb button_text_size_tablet=\u00bb20px\u00bb button_text_size_phone=\u00bb15px\u00bb button_text_size_last_edited=\u00bbon|phone\u00bb locked=\u00bboff\u00bb global_colors_info=\u00bb{}\u00bb][\/et_pb_button][\/et_pb_column][\/et_pb_row][\/et_pb_section][et_pb_section fb_built=\u00bb1&#8243; _builder_version=\u00bb4.13.0&#8243; _module_preset=\u00bbdefault\u00bb background_color=\u00bbRGBA(0,0,0,0)\u00bb positioning=\u00bbfixed\u00bb position_origin_f=\u00bbtop_center\u00bb custom_padding=\u00bb0px|||||\u00bb da_disable_devices=\u00bboff|off|off\u00bb global_colors_info=\u00bb{}\u00bb da_is_popup=\u00bboff\u00bb da_exit_intent=\u00bboff\u00bb da_has_close=\u00bbon\u00bb da_alt_close=\u00bboff\u00bb da_dark_close=\u00bboff\u00bb da_not_modal=\u00bbon\u00bb da_is_singular=\u00bboff\u00bb da_with_loader=\u00bboff\u00bb da_has_shadow=\u00bbon\u00bb][et_pb_row _builder_version=\u00bb4.12.1&#8243; _module_preset=\u00bbdefault\u00bb width=\u00bb90%\u00bb max_width=\u00bb90%\u00bb custom_padding=\u00bb15px|||||\u00bb global_colors_info=\u00bb{}\u00bb][et_pb_column type=\u00bb4_4&#8243; _builder_version=\u00bb4.12.1&#8243; _module_preset=\u00bbdefault\u00bb global_colors_info=\u00bb{}\u00bb][et_pb_image src=\u00bbhttps:\/\/www.fundaciobit.org\/stem\/wp-content\/uploads\/2021\/10\/Steam-Logo-Top.svg\u00bb title_text=\u00bbSteam-Logo-Top\u00bb url=\u00bb@ET-DC@eyJkeW5hbWljIjp0cnVlLCJjb250ZW50IjoiaG9tZV91cmwiLCJzZXR0aW5ncyI6e319@\u00bb _builder_version=\u00bb4.12.1&#8243; _dynamic_attributes=\u00bburl\u00bb _module_preset=\u00bbdefault\u00bb width=\u00bb15%\u00bb width_tablet=\u00bb20%\u00bb width_phone=\u00bb30%\u00bb width_last_edited=\u00bbon|phone\u00bb max_width=\u00bb100%\u00bb module_alignment=\u00bbright\u00bb custom_margin=\u00bb||30px|||\u00bb global_colors_info=\u00bb{}\u00bb][\/et_pb_image][et_pb_button button_url=\u00bb@ET-DC@eyJkeW5hbWljIjp0cnVlLCJjb250ZW50IjoiaG9tZV91cmwiLCJzZXR0aW5ncyI6e319@\u00bb button_text=\u00bbTornar\u00bb button_alignment=\u00bbright\u00bb disabled_on=\u00bboff|off|off\u00bb _builder_version=\u00bb4.13.0&#8243; _dynamic_attributes=\u00bbbutton_url\u00bb _module_preset=\u00bbdefault\u00bb custom_button=\u00bbon\u00bb button_text_color=\u00bb#E02B20&#8243; button_bg_color=\u00bb#FFFFFF\u00bb button_use_icon=\u00bboff\u00bb custom_margin=\u00bb|50px|||false|false\u00bb custom_margin_tablet=\u00bb-10px|20px|||false|false\u00bb custom_margin_phone=\u00bb-20px|15px|||false|false\u00bb custom_margin_last_edited=\u00bbon|desktop\u00bb button_text_size_tablet=\u00bb20px\u00bb button_text_size_phone=\u00bb15px\u00bb button_text_size_last_edited=\u00bbon|phone\u00bb locked=\u00bboff\u00bb global_colors_info=\u00bb{}\u00bb][\/et_pb_button][\/et_pb_column][\/et_pb_row][\/et_pb_section][et_pb_section fb_built=\u00bb1&#8243; _builder_version=\u00bb4.12.1&#8243; _module_preset=\u00bbdefault\u00bb background_color=\u00bbRGBA(0,0,0,0)\u00bb positioning=\u00bbfixed\u00bb position_origin_f=\u00bbtop_center\u00bb custom_padding=\u00bb0px|||||\u00bb da_disable_devices=\u00bboff|off|off\u00bb global_colors_info=\u00bb{}\u00bb da_is_popup=\u00bboff\u00bb da_exit_intent=\u00bboff\u00bb da_has_close=\u00bbon\u00bb da_alt_close=\u00bboff\u00bb da_dark_close=\u00bboff\u00bb da_not_modal=\u00bbon\u00bb da_is_singular=\u00bboff\u00bb da_with_loader=\u00bboff\u00bb da_has_shadow=\u00bbon\u00bb][et_pb_row _builder_version=\u00bb4.12.1&#8243; _module_preset=\u00bbdefault\u00bb width=\u00bb90%\u00bb max_width=\u00bb90%\u00bb custom_padding=\u00bb15px|||||\u00bb global_colors_info=\u00bb{}\u00bb][et_pb_column type=\u00bb4_4&#8243; _builder_version=\u00bb4.12.1&#8243; _module_preset=\u00bbdefault\u00bb global_colors_info=\u00bb{}\u00bb][et_pb_image src=\u00bbhttps:\/\/www.fundaciobit.org\/stem\/wp-content\/uploads\/2021\/10\/Steam-Logo-Top.svg\u00bb title_text=\u00bbSteam-Logo-Top\u00bb url=\u00bb@ET-DC@eyJkeW5hbWljIjp0cnVlLCJjb250ZW50IjoiaG9tZV91cmwiLCJzZXR0aW5ncyI6e319@\u00bb _builder_version=\u00bb4.12.1&#8243; _dynamic_attributes=\u00bburl\u00bb _module_preset=\u00bbdefault\u00bb width=\u00bb15%\u00bb width_tablet=\u00bb20%\u00bb width_phone=\u00bb30%\u00bb width_last_edited=\u00bbon|phone\u00bb max_width=\u00bb100%\u00bb module_alignment=\u00bbright\u00bb custom_margin=\u00bb||30px|||\u00bb global_colors_info=\u00bb{}\u00bb][\/et_pb_image][et_pb_button button_url=\u00bb@ET-DC@eyJkeW5hbWljIjp0cnVlLCJjb250ZW50IjoiaG9tZV91cmwiLCJzZXR0aW5ncyI6e319@\u00bb button_text=\u00bbTornar\u00bb button_alignment=\u00bbright\u00bb disabled_on=\u00bboff|off|off\u00bb _builder_version=\u00bb4.13.0&#8243; _dynamic_attributes=\u00bbbutton_url\u00bb _module_preset=\u00bbdefault\u00bb custom_button=\u00bbon\u00bb button_text_color=\u00bb#E02B20&#8243; button_bg_color=\u00bb#FFFFFF\u00bb button_use_icon=\u00bboff\u00bb custom_margin=\u00bb|50px|||false|false\u00bb custom_margin_tablet=\u00bb-10px|20px|||false|false\u00bb custom_margin_phone=\u00bb-20px|15px|||false|false\u00bb custom_margin_last_edited=\u00bbon|desktop\u00bb button_text_size_tablet=\u00bb20px\u00bb button_text_size_phone=\u00bb15px\u00bb button_text_size_last_edited=\u00bbon|phone\u00bb locked=\u00bboff\u00bb global_colors_info=\u00bb{}\u00bb][\/et_pb_button][\/et_pb_column][\/et_pb_row][\/et_pb_section][et_pb_section fb_built=\u00bb1&#8243; _builder_version=\u00bb4.12.1&#8243; _module_preset=\u00bbdefault\u00bb background_color=\u00bbRGBA(0,0,0,0)\u00bb positioning=\u00bbfixed\u00bb position_origin_f=\u00bbtop_center\u00bb custom_padding=\u00bb0px|||||\u00bb da_disable_devices=\u00bboff|off|off\u00bb global_colors_info=\u00bb{}\u00bb da_is_popup=\u00bboff\u00bb da_exit_intent=\u00bboff\u00bb da_has_close=\u00bbon\u00bb da_alt_close=\u00bboff\u00bb da_dark_close=\u00bboff\u00bb da_not_modal=\u00bbon\u00bb da_is_singular=\u00bboff\u00bb da_with_loader=\u00bboff\u00bb da_has_shadow=\u00bbon\u00bb][et_pb_row _builder_version=\u00bb4.12.1&#8243; _module_preset=\u00bbdefault\u00bb width=\u00bb90%\u00bb max_width=\u00bb90%\u00bb custom_padding=\u00bb15px|||||\u00bb global_colors_info=\u00bb{}\u00bb][et_pb_column type=\u00bb4_4&#8243; _builder_version=\u00bb4.12.1&#8243; _module_preset=\u00bbdefault\u00bb global_colors_info=\u00bb{}\u00bb][et_pb_image src=\u00bbhttps:\/\/www.fundaciobit.org\/stem\/wp-content\/uploads\/2021\/10\/Steam-Logo-Top.svg\u00bb title_text=\u00bbSteam-Logo-Top\u00bb url=\u00bb@ET-DC@eyJkeW5hbWljIjp0cnVlLCJjb250ZW50IjoiaG9tZV91cmwiLCJzZXR0aW5ncyI6e319@\u00bb _builder_version=\u00bb4.12.1&#8243; _dynamic_attributes=\u00bburl\u00bb _module_preset=\u00bbdefault\u00bb width=\u00bb15%\u00bb width_tablet=\u00bb20%\u00bb width_phone=\u00bb30%\u00bb width_last_edited=\u00bbon|phone\u00bb max_width=\u00bb100%\u00bb module_alignment=\u00bbright\u00bb custom_margin=\u00bb||30px|||\u00bb global_colors_info=\u00bb{}\u00bb][\/et_pb_image][et_pb_button button_url=\u00bb@ET-DC@eyJkeW5hbWljIjp0cnVlLCJjb250ZW50IjoiaG9tZV91cmwiLCJzZXR0aW5ncyI6e319@\u00bb button_text=\u00bbTornar\u00bb button_alignment=\u00bbright\u00bb disabled_on=\u00bboff|off|off\u00bb _builder_version=\u00bb4.13.0&#8243; _dynamic_attributes=\u00bbbutton_url\u00bb _module_preset=\u00bbdefault\u00bb custom_button=\u00bbon\u00bb button_text_color=\u00bb#E02B20&#8243; button_bg_color=\u00bb#FFFFFF\u00bb button_use_icon=\u00bboff\u00bb custom_margin=\u00bb|50px|||false|false\u00bb custom_margin_tablet=\u00bb-10px|20px|||false|false\u00bb custom_margin_phone=\u00bb-20px|15px|||false|false\u00bb custom_margin_last_edited=\u00bbon|desktop\u00bb button_text_size_tablet=\u00bb20px\u00bb button_text_size_phone=\u00bb15px\u00bb button_text_size_last_edited=\u00bbon|phone\u00bb locked=\u00bboff\u00bb global_colors_info=\u00bb{}\u00bb][\/et_pb_button][\/et_pb_column][\/et_pb_row][\/et_pb_section][et_pb_section fb_built=\u00bb1&#8243; _builder_version=\u00bb4.7.7&#8243; _module_preset=\u00bbdefault\u00bb background_color=\u00bb#ebf6fa\u00bb custom_padding=\u00bb40px||0px|||\u00bb da_disable_devices=\u00bboff|off|off\u00bb global_colors_info=\u00bb{}\u00bb da_is_popup=\u00bboff\u00bb da_exit_intent=\u00bboff\u00bb da_has_close=\u00bbon\u00bb da_alt_close=\u00bboff\u00bb da_dark_close=\u00bboff\u00bb da_not_modal=\u00bbon\u00bb da_is_singular=\u00bboff\u00bb da_with_loader=\u00bboff\u00bb da_has_shadow=\u00bbon\u00bb][et_pb_row _builder_version=\u00bb4.7.7&#8243; _module_preset=\u00bbdefault\u00bb custom_padding=\u00bb0px|||||\u00bb global_colors_info=\u00bb{}\u00bb][et_pb_column type=\u00bb4_4&#8243; _builder_version=\u00bb4.7.7&#8243; _module_preset=\u00bbdefault\u00bb global_colors_info=\u00bb{}\u00bb][et_pb_text admin_label=\u00bbTexto\u00bb _builder_version=\u00bb4.7.7&#8243; _module_preset=\u00bbdefault\u00bb text_font_size=\u00bb50px\u00bb text_line_height=\u00bb1.3em\u00bb header_font=\u00bb|700|||||||\u00bb header_text_align=\u00bbleft\u00bb header_text_color=\u00bb#000000&#8243; header_font_size=\u00bb75px\u00bb width=\u00bb100%\u00bb width_tablet=\u00bb83%\u00bb width_phone=\u00bb83%\u00bb width_last_edited=\u00bbon|phone\u00bb custom_margin=\u00bb||31px|||\u00bb custom_padding=\u00bb28px|||||\u00bb header_font_size_tablet=\u00bb55px\u00bb header_font_size_phone=\u00bb35px\u00bb header_font_size_last_edited=\u00bbon|tablet\u00bb locked=\u00bboff\u00bb global_colors_info=\u00bb{}\u00bb]<\/p>\n<h1><strong>Iniciatives a les Illes Balears per fomentar les vocacions STEM i tecnol\u00f2giques.<\/strong><\/h1>\n<p>[\/et_pb_text][\/et_pb_column][\/et_pb_row][\/et_pb_section][et_pb_section fb_built=\u00bb1&#8243; module_id=\u00bbvideo\u00bb _builder_version=\u00bb4.13.0&#8243; _module_preset=\u00bbdefault\u00bb background_color=\u00bb#eb5c67&#8243; background_enable_image=\u00bboff\u00bb parallax=\u00bbon\u00bb z_index=\u00bb10&#8243; custom_padding=\u00bb75px||75px||true|\u00bb da_disable_devices=\u00bboff|off|off\u00bb global_colors_info=\u00bb{}\u00bb da_is_popup=\u00bboff\u00bb da_exit_intent=\u00bboff\u00bb da_has_close=\u00bbon\u00bb da_alt_close=\u00bboff\u00bb da_dark_close=\u00bboff\u00bb da_not_modal=\u00bbon\u00bb da_is_singular=\u00bboff\u00bb da_with_loader=\u00bboff\u00bb da_has_shadow=\u00bbon\u00bb][et_pb_row _builder_version=\u00bb4.7.7&#8243; _module_preset=\u00bbdefault\u00bb global_colors_info=\u00bb{}\u00bb][et_pb_column type=\u00bb4_4&#8243; _builder_version=\u00bb4.7.7&#8243; _module_preset=\u00bbdefault\u00bb global_colors_info=\u00bb{}\u00bb][et_pb_text _builder_version=\u00bb4.13.0&#8243; _module_preset=\u00bbdefault\u00bb text_text_color=\u00bb#ffffff\u00bb text_font_size=\u00bb40px\u00bb text_line_height=\u00bb1.1em\u00bb ul_font_size=\u00bb30px\u00bb ul_line_height=\u00bb1.1em\u00bb header_font=\u00bb||||||||\u00bb header_text_align=\u00bbleft\u00bb header_text_color=\u00bb#000000&#8243; header_font_size=\u00bb70px\u00bb header_2_font=\u00bb|700|||||||\u00bb header_2_text_color=\u00bb#ffffff\u00bb header_2_font_size=\u00bb65px\u00bb custom_margin=\u00bb||29px|||\u00bb hover_enabled=\u00bb0&#8243; text_font_size_tablet=\u00bb30px\u00bb text_font_size_phone=\u00bb20px\u00bb text_font_size_last_edited=\u00bbon|phone\u00bb ul_font_size_tablet=\u00bb30px\u00bb ul_font_size_phone=\u00bb20px\u00bb ul_font_size_last_edited=\u00bbon|phone\u00bb locked=\u00bboff\u00bb global_colors_info=\u00bb{}\u00bb width__hover_enabled=\u00bbon|desktop\u00bb sticky_enabled=\u00bb0&#8243;]<\/p>\n<p>&nbsp;<\/p>\n<p>&nbsp;<\/p>\n<p>A les Illes Balears existeixen actualment un bon grapat d\u2019iniciatives encaminades a donar visibilitat a les dones STEM i a incentivar les vocacions STEM i tecnol\u00f2giques a nines i nins de les escoles.<\/p>\n<p>La<strong>\u00a0<a href=\"https:\/\/11fbalears.org\/ca\/\" target=\"_blank\" rel=\"noopener\">Plataforma 11F Balears<\/a><\/strong> est\u00e0 constitu\u00efda per un grup de dones de diferents entitats i institucions dels sectors STEM (Ci\u00e8ncia, Tecnologia, Enginyeria i Matem\u00e0tiques). Promouen accions col\u00b7laboratives per posar en valor el paper de la dona en la ci\u00e8ncia i la tecnologia i fomentar vocacions cient\u00edfiques en les nines amb motiu de l\u2019<strong>11F Dia internacional de la Dona i la Nina en la ci\u00e8ncia. <\/strong>A la seva <a href=\"https:\/\/11fbalears.org\/ca\/activitats-2023\/\">web<\/a> trobareu totes les que organitzen des del 2019.<\/p>\n<p>Cada any, el darrer divendres del mes de setembre es cel\u00b7lebra la <strong><a href=\"https:\/\/medium.com\/nit-dels-investigadors-2018\" target=\"_blank\" rel=\"noopener\">Nit Europea de la Recerca<\/a> ,<\/strong> un esdeveniment p\u00fablic dedicat a la divulgaci\u00f3 de la ci\u00e8ncia. El seu objectiu \u00e9s apropar la recerca, la innovaci\u00f3 i els seus protagonistes al p\u00fablic de totes les edats de manera planera i divertida. Aquest esdeveniment se cel\u00b7lebra cada any en m\u00e9s de 300 ciutats de 30 pa\u00efsos d\u2019Europa al mateix temps. Al web<strong>\u00a0<\/strong><a href=\"https:\/\/medium.com\/nit-dels-investigadors-2018\" target=\"_blank\" rel=\"noopener\"><strong>Nit de la Recerca<\/strong><\/a> es recullen les activitats que es duen a terme a les Illes Balears.<\/p>\n<p>El Centre de Professorat <a href=\"https:\/\/ibsteam.caib.es\/ibsteam\/\"><u><b>IBSTEAM<\/b><\/u><\/a> t\u00e9 el projecte:<\/p>\n<ul>\n<li>\n<p align=\"left\" style=\"line-height: 100%; orphans: 2; widows: 2; margin-top: 0.42cm; margin-bottom: 0.42cm;\"><a href=\"https:\/\/ibsteam.caib.es\/projectes\/jo-tambe-vull-ser-cientifica\/\"><u>Jo tamb\u00e9 vull ser cient\u00edfica<\/u><\/a>: Amb motiu de l\u2019<b>11F Dia internacional de la Dona i la nina en la ci\u00e8ncia<\/b> <u><a href=\"https:\/\/ibsteam.caib.es\/11f-2024\/\">a<\/a><a href=\"https:\/\/ibsteam.caib.es\/11f-2024\/\">quest concurs<\/a><\/u> t\u00e9 l\u2019objectiu de visibilitzar la contribuci\u00f3 que han fet i continuen fent les dones en l\u2019\u00e0mbit cient\u00edfic, posar a l\u2019abast nous referents per als nostres infants i adolescents i fomentar les vocacions cient\u00edfiques entre les nines.<\/p>\n<\/li>\n<\/ul>\n<p align=\"left\" style=\"line-height: 100%; orphans: 2; widows: 2; margin-top: 0.42cm; margin-bottom: 0.42cm;\">L\u2019<a href=\"https:\/\/www.adrbalears.es\/\"><u>ADR<\/u><\/a> ofereix:<\/p>\n<ul>\n<li>\n<p align=\"left\" style=\"line-height: 100%; orphans: 2; widows: 2; margin-top: 0.42cm; margin-bottom: 0.42cm;\"><a href=\"https:\/\/www.adrbalears.es\/ibemprenjove\"><u>Ibempr\u00e8n Jove:<\/u><\/a> A trav\u00e9s de diferents programes a cada etapa educativa i amb el suport del professor o professora i un consultor extern, els alumnes de secund\u00e0ria, formaci\u00f3 professional b\u00e0sica i cicles formatius, de les Illes Balears. es convertiran en emprenedors i hauran de crear i gestionar la seva pr\u00f2pia empresa.<\/p>\n<\/li>\n<\/ul>\n<p>El <a href=\"http:\/\/www.xeix.org\/Centre-Aprenentatge-Cientificomatematic\/\"><strong>Centre d&#8217;Aprenentatge Cient\u00edficoMatem\u00e0tic (CentMat)<\/strong><\/a>: \u00e9s una oferta educativa complement\u00e0ria de la Direcci\u00f3 General de Personal Docent i Centres Concertats del Govern de les Illes Balears.T\u00e9 per objectiu,entre altres coses,facilitar a l\u2019alumnat l\u2019adquisici\u00f3 de les compet\u00e8ncies matem\u00e0tiques b\u00e0siques, el permeti progressar en el mon acad\u00e8mic, desenvolupar-se a nivell personal i el prepari per a la vida adulta en l\u2019\u00e0mbit d\u2019una societat altament tecnificada. Per aix\u00f2 tenen una<a href=\"https:\/\/xeix.org\/Centre-Aprenentatge-Cientificomatematic\/oferta-educativa\/\"><u> oferta educativa<\/u><\/a> amb itineraris, tallers i activitats, i pr\u00e9stec de material pels centres educatius. Tamb\u00e9 ofereixen <a href=\"https:\/\/xeix.org\/Centre-Aprenentatge-Cientificomatematic\/recursos\/\"><u>recursos<\/u><\/a> com exposicions, materials, activitats, etc\u2026<\/p>\n<p><strong><\/strong>Des de la <strong>UIB<\/strong>\u00a0es duen a terme les seg\u00fcents iniciatives:<\/p>\n<ul>\n<li>\n<p align=\"left\" style=\"line-height: 100%; orphans: 2; widows: 2; margin-top: 0.42cm; margin-bottom: 0cm;\"><a href=\"https:\/\/seras.uib.cat\/ciencia\"><u><b>Ci\u00e8ncia per tothom<\/b><\/u><\/a><b>: <\/b>Aquesta activitat neix de la inquietud del professorat de la UIB per fomentar les vocacions cient\u00edfiques i tecnol\u00f2giques entre el jovent, adre\u00e7at a estudiants de prim\u00e0ria, ESO i p\u00fablic en general.<\/p>\n<\/li>\n<li>\n<p align=\"left\" style=\"line-height: 100%; orphans: 2; widows: 2; margin-bottom: 0cm;\"><a href=\"https:\/\/estalmat.uib.cat\/\"><u><b>Estalmat<\/b><\/u><\/a><b>: <\/b>Tracta de detectar, orientar i estimular de manera continuada, al llarg de dos cursos, el talent matem\u00e0tic excepcional d\u2019estudiants de 12-13 anys, sense desarrelar-los del seu entorn, mitjan\u00e7ant una orientaci\u00f3 setmanal, que s\u2019efectuar\u00e0 (aproximadament) cada setmana per tres hores.<\/p>\n<\/li>\n<li>\n<p align=\"left\" style=\"line-height: 100%; orphans: 2; widows: 2; margin-bottom: 0.42cm;\"><a href=\"https:\/\/estalquim.uib.cat\/\"><u><b>Estalquim<\/b><\/u><\/a>: \u00e9s un programa formatiu orientat a <b>desenvolupar la vocaci\u00f3 cient\u00edfica en nins i nines<\/b> amb especial talent en el camp de la <b>Qu\u00edmica<\/b>. \u00c9s un projecte organitzat per la Universitat de les Illes Balears i l\u2019Associaci\u00f3 de Qu\u00edmics de les Illes Balears, amb la col\u00b7laboraci\u00f3 de la FECYT. Els nins i nines que entren al projecte ESTALQUIM reben formaci\u00f3 i atenci\u00f3 especialitzada durant <b>dos cursos acad\u00e8mics<\/b> utilitzant una metodologia d\u2019<b>aprenentatge actiu i l\u00fadic<\/b> en qu\u00e8 els alumnes s\u00f3n els protagonistes, entrenant la seva capacitat d\u2019experimentaci\u00f3, la seva creativitat i la seva capacitat de raonament i resoluci\u00f3 de problemes.<\/p>\n<\/li>\n<li>\n<p align=\"left\" style=\"line-height: 100%; orphans: 2; widows: 2; margin-bottom: 0.42cm;\"><a href=\"https:\/\/seras.uib.cat\/olimpiades\/fisica\/\"><u><b>Olmp\u00edada Local de F\u00edsica<\/b><\/u><\/a>: La prova est\u00e0 destinada a alumnes matriculats del segon curs de batxillerat que cursen l&#8217;assignatura de F\u00edsica a centres p\u00fablics, concertats o privats, de les Illes Balears. L\u2019alumnat de primer curs de batxillerat tamb\u00e9 hi pot participar.<\/p>\n<\/li>\n<\/ul>\n<ul>\n<li>\n<p align=\"left\" style=\"line-height: 100%; orphans: 2; widows: 2; margin-bottom: 0cm;\"><a href=\"https:\/\/seras.uib.cat\/olimpiades\/quimica\/\"><u><b>Olimp\u00edada de Qu\u00edmica<\/b><\/u><\/a><b>:<\/b> dirigida a tots els alumnes matriculats al segon curs de batxillerat que cursin l\u2019assignatura de Qu\u00edmica a qualsevol centre p\u00fablic, concertat o privat d\u2019aquest districte universitari. Qualsevol altre participant ha d\u2019estar avalat per un professor o professora de Qu\u00edmica del centre educatiu.<\/p>\n<\/li>\n<li>\n<p align=\"left\" style=\"line-height: 100%; orphans: 2; widows: 2; margin-bottom: 0cm;\"><a href=\"http:\/\/www.xeix.org\/activitats-sbm-xeix\/proves-cangur\/\"><u><b>Proves cangur<\/b><\/u><\/a>: \u00c9s una prova internacional de matem\u00e0tiques que s\u2019organitza arreu d\u2019Europa i a altres llocs del m\u00f3n. La Societat Balear de Matem\u00e0tiques SBM-XEIX (<a href=\"http:\/\/www.xeix.org\/\"><u>http:\/\/www.xeix.org<\/u><\/a>) est\u00e0 al capdavant de l\u2019organitzaci\u00f3 a les Illes de les Proves Cangur de Matem\u00e0tiques, conjuntament amb la Societat Catalana de Matem\u00e0tiques (SCM) i la UIB. Hi ha dues categories: Una primera de 5\u00e9 de Prim\u00e0ria a 2n d\u2019ESO, i una segona de 3r d\u2019ESO a 2n de Batxillerat.<\/p>\n<\/li>\n<li>\n<p align=\"left\" style=\"line-height: 100%; orphans: 2; widows: 2; margin-bottom: 0cm;\"><a href=\"https:\/\/metodecomic.uib.cat\/\"><u><b>M\u00e8tode C\u00f2mic: <\/b><\/u><\/a>La UIB i el Cl\u00faster de C\u00f2mic llancen M\u00e8tode C\u00f2mic. Ci\u00e8ncia en Vinyetes, una col\u00b7lecci\u00f3 de c\u00f2mics per fer divulgaci\u00f3 cient\u00edfica. El primer n\u00famero \u00e9s <a href=\"https:\/\/issuu.com\/clusterdecomicdemallorca\/docs\/me_tode_co_mic_i_els_ecosistemes_de_les_illes_balear\"><u>Aventura natura: els ecosistemes de les Balears<\/u><\/a> i el segon \u00e9s<a href=\"https:\/\/issuu.com\/clusterdecomicdemallorca\/docs\/me_tode_co_mic_ii_els_impactes_als_ecosistemes\"><u> Aventura Natura 2. Els impacte als ecosistemes de les Illes Balears<\/u><\/a>. Anteriorment ja havien col\u00b7laborat amb l\u2019exposici\u00f3 \u00ab<a href=\"http:\/\/www.comicmallorca.com\/ca\/comicnostrum-2021\/\"><u>C\u00f2mic Nostrum 2021<\/u><\/a>\u00ab, de la qual trobam disponible tots <a href=\"http:\/\/www.comicmallorca.com\/ca\/comicnostrum-2021-recursos\/\"><u>aquests recursos <\/u><\/a>(c\u00f2mics en pdf).<\/p>\n<\/li>\n<li>\n<p align=\"left\" style=\"line-height: 100%; orphans: 2; widows: 2; margin-bottom: 0.42cm;\">El Consell Social de la UIB concedeix cada any els <a href=\"https:\/\/consellsocial.uib.cat\/Premis\/Premis_Investigacio\/\"><u><b>Premis d\u2019Investigaci\u00f3<\/b><\/u><\/a> per a alumnes de batxillerat i de cicles formatius de grau superior de formaci\u00f3 professional.<\/p>\n<\/li>\n<li>\n<p align=\"left\" style=\"line-height: 100%; orphans: 2; widows: 2; margin-top: 0.42cm; margin-bottom: 0cm;\"><a href=\"http:\/\/mentoriment.uib.es\/blog\/\"><u><b>Mentoriment<\/b><\/u><\/a>: \u00e9s un programa d\u2019enriquiment extracurricular dirigit a l\u2019alumnat de les Illes Balears identificat amb altes capacitats intel\u00b7lectuals <b>de tercer i quart curs d\u2019ESO, de batxillerat i d\u2019FP de grau mitj\u00e0 i superior<\/b> dels centres sostinguts amb fons p\u00fablics de les Illes Balears. Algunes de les sessions tracten temes STEM.<\/p>\n<\/li>\n<li>\n<p align=\"left\" style=\"line-height: 100%; orphans: 2; widows: 2; margin-top: 0.42cm; margin-bottom: 0cm;\"><a href=\"http:\/\/www.gravityland.eu\/index.html\"><u><b>\u00abTerritorio gravedad\u00bb<\/b><\/u><\/a>, una s\u00e8rie de divulgaci\u00f3 cient\u00edfica sobre les ci\u00e8ncies que estudien el cosmos amb participaci\u00f3 de la UIB. Aquesta producci\u00f3 audiovisual compta amb la participaci\u00f3 de membres destacats de la comunitat cient\u00edfica internacional, entre els quals hi ha la doctora Al\u00edcia Sintes. Disponible a Filmin i a Vimeo.<span style=\"color: #ff0000;\"><br \/><\/span><\/p>\n<\/li>\n<li>\n<p align=\"left\" style=\"line-height: 100%; orphans: 2; widows: 2; margin-bottom: 0cm;\"><a href=\"https:\/\/seras.uib.cat\/orientacio\/activitats\/detuatu\"><u>De tu a tu<\/u><\/a>: Els estudiants de grau us explicaran breument el seu dia a dia a la Universitat, el funcionament de les classes, les pr\u00e0ctiques, les activitats que es poden fer fora de les classes.<\/p>\n<\/li>\n<li>\n<p align=\"left\" style=\"line-height: 100%; orphans: 2; widows: 2; margin-bottom: 0.42cm;\"><a href=\"https:\/\/setmanadelpostgrau.uib.cat\/\"><u><b>Setmana del Postgrau<\/b><\/u><\/a>, durant la qual es faran confer\u00e8ncies sobre temes d\u2019actualitat, concursos, lliurament de premis i moltes m\u00e9s activitats per donar a con\u00e8ixer la formaci\u00f3 de postgrau oficial que ofereix la UIB.<\/p>\n<\/li>\n<\/ul>\n<p align=\"left\" style=\"line-height: 100%; orphans: 2; widows: 2; margin-top: 0.42cm; margin-bottom: 0.42cm;\">Des de l<a href=\"https:\/\/eps.uib.es\/\"><u>\u2019<\/u><\/a><a href=\"https:\/\/eps.uib.es\/\"><u><b>Escola Polit\u00e8cnica Superior de la UIB<\/b><\/u><\/a> es duen a terme:<\/p>\n<ul>\n<li>\n<p align=\"left\" style=\"line-height: 100%; orphans: 2; widows: 2; margin-top: 0.42cm; margin-bottom: 0cm;\">Accions per a alumnes de secund\u00e0ria: <a href=\"https:\/\/eps.uib.es\/seraseps\/\"><u><b>MeetEPS<br \/><\/b><\/u><\/a><\/p>\n<\/li>\n<li><a href=\"https:\/\/eps.uib.es\/seraseps\/scratch-a-lescola\/\">Scratch a l\u2019escola<\/a>: 5\u00e8 i 6\u00e8 de prim\u00e0ria<\/li>\n<li><a href=\"https:\/\/eps.uib.es\/seraseps\/techlabuib\/\">Tech Lab UIB<\/a>: 2n d\u2019ESO<\/li>\n<li><a href=\"https:\/\/eps.uib.es\/ella-enginyera-ell-enginyer\/\">Ella, Enginyera; Ell Enginyer<\/a>: s&#8217;adre\u00e7a especialment als alumnes dels dos primers cursos d&#8217;ESO.<\/li>\n<li><a href=\"https:\/\/eps.uib.es\/els-matematics-tornen-als-seus-instituts\/\"><span style=\"color: #1155cc;\"><u>Els matem\u00e0tics tornen als seus instituts<\/u><\/span><\/a>: Destinataris: Alumnes de 1r de batxillerat de Ci\u00e8ncies i Tecnologia, alumnes de 2n de batxillerat de Ci\u00e8ncies<\/li>\n<\/ul>\n<p align=\"left\" style=\"line-height: 100%; page-break-inside: auto; orphans: 2; widows: 2; margin-bottom: 0.14cm; page-break-after: auto;\">Activitats que es fan a l\u2019Escola Polit\u00e8cnica Superior de la UIB:<\/p>\n<ul>\n<li>\n<p align=\"left\" style=\"line-height: 100%; page-break-inside: auto; orphans: 2; widows: 2; margin-bottom: 0cm; page-break-after: auto;\"><a href=\"https:\/\/eps.uib.es\/demotec\/\"><span style=\"color: #1155cc;\"><u>Demotec<\/u><\/span><\/a>: Els tallers els poden fer alumnes <b>des de tercer d\u2019ESO fins a segon de batxillerat<\/b>.<\/p>\n<\/li>\n<li>\n<p align=\"left\" style=\"line-height: 100%; page-break-inside: auto; orphans: 2; widows: 2; margin-bottom: 0cm; page-break-after: auto;\"><a href=\"https:\/\/eps.uib.es\/estalmat\/\"><span style=\"color: #1155cc;\"><u>Estalmat:<\/u><\/span><\/a> ESTALMAT \u00e9s un projecte de detecci\u00f3 i est\u00edmul del talent matem\u00e0tic en <b>nins i nines entre 11 i 13 anys.<\/b><\/p>\n<\/li>\n<li><strong><a href=\"https:\/\/eps.uib.es\/seraseps\/exploraeps\/\">Explora EPS<\/a>:<\/strong> jornades de <strong>portes obertes especial per a fam\u00edlies amb alumnes<\/strong> de 3r d\u2019ESO a 2n de batxillerat<b><\/b><\/li>\n<\/ul>\n<p>Jornades que es fan a l&#8217;Escola Polit\u00e8cnica Superior de la UIB:<\/p>\n<ul>\n<li align=\"left\" style=\"line-height: 100%;\"><a href=\"https:\/\/eps.uib.es\/scratch\"><span style=\"color: #1155cc;\"><u><b>Scratch Day<\/b><\/u><\/span><\/a>: De 7 a 16 anys<\/li>\n<li>\n<p align=\"left\" style=\"line-height: 100%; orphans: 2; widows: 2; margin-bottom: 0cm;\"><a href=\"https:\/\/eps.uib.es\/scratch-menorca\"><span style=\"color: #1155cc;\"><u><b>Scratch Day Menorca<\/b><\/u><\/span><\/a>: De 7 a 16 anys<\/p>\n<\/li>\n<li>\n<p align=\"left\" style=\"line-height: 100%; orphans: 2; widows: 2; margin-bottom: 0cm;\"><a href=\"https:\/\/eps.uib.es\/wro\/\"><span style=\"color: #1155cc;\"><u><b>World Robot Olympiad<\/b><\/u><\/span><\/a><b>: <\/b>De 6 a 19 anys<\/p>\n<\/li>\n<li>\n<p align=\"left\" style=\"orphans: 2; widows: 2; margin-bottom: 0cm;\"><a href=\"https:\/\/eps.uib.es\/wro-menorca\/\"><u><b>World Robot Olympiad Menorca<\/b><\/u><\/a>: De 6 a 19 anys<\/p>\n<\/li>\n<li>\n<p align=\"left\" style=\"orphans: 2; widows: 2; margin-bottom: 0cm;\"><a href=\"https:\/\/seras.uib.cat\/menorca\/enginy\"><span style=\"color: #1155cc;\"><u><b>Enginy UIB Menorca<\/b><\/u><\/span><\/a><b>: <\/b>De 8 a 16 anys<\/p>\n<\/li>\n<li><strong>TechLab UIB Menorca: <\/strong>\u00a0De 8 a 16 anys<\/li>\n<\/ul>\n<p align=\"left\" style=\"orphans: 2; widows: 2; margin-bottom: 0cm;\">Olimp\u00edades i concursos:<\/p>\n<ul>\n<li>\n<p align=\"left\" style=\"orphans: 2; widows: 2; margin-bottom: 0cm;\"><a href=\"https:\/\/eps.uib.es\/olimpiada-matematica\"><span style=\"color: #1155cc;\"><u><b>Olimp\u00edada Matem\u00e0tica<\/b><\/u><\/span><\/a><b> <\/b>1r i 2n de Batxillerat i excepcionalment 4t d&#8217;ESO<\/p>\n<\/li>\n<li>\n<p align=\"left\" style=\"orphans: 2; widows: 2; margin-bottom: 0cm;\"><a href=\"https:\/\/eps.uib.es\/olimpiada-informatica\/\"><span style=\"color: #1155cc;\"><u><b>Olimp\u00edada Inform\u00e0tica<\/b><\/u><\/span><\/a> ESO, Batxillerat i CFGM<\/p>\n<\/li>\n<li>\n<p align=\"left\" style=\"orphans: 2; widows: 2; margin-bottom: 0cm;\"><a href=\"https:\/\/eps.uib.es\/construint-amb-enginy\/\"><span style=\"color: #1155cc;\"><u><b>Construint amb enginy<\/b><\/u><\/span><\/a> ESO, Batxillerat, CFGM i CFGS<\/p>\n<\/li>\n<li>\n<p align=\"left\" style=\"line-height: 100%; orphans: 2; widows: 2; margin-top: 0.42cm; margin-bottom: 0cm;\"><a href=\"https:\/\/eps.uib.es\/holaeps\/\"><u><b>HOLA EPS!<\/b><\/u><\/a>: L\u2019<b>Escola Polit\u00e8cnica Superior (EPS)<\/b> organitza unes <b>sessions imprescindibles per als alumnes de nou ingr\u00e9s <\/b>impartides pels alumnes tutors. En elles, els alumnes tutors explicaran de primera m\u00e0 les claus i eines necess\u00e0ries per a tenir \u00e8xit en el primer curs. Es tracta d\u2019unes sessions interactives, on podreu resoldre qualsevol dubte que vos pugui sorgir.<span style=\"color: #ff0000;\"><br \/><\/span><\/p>\n<\/li>\n<li>\n<p align=\"left\" style=\"line-height: 100%; orphans: 2; widows: 2; margin-bottom: 0cm;\"><a href=\"https:\/\/eps.uib.es\/estudiants\/gmat\/aqui-fem-mates\/\"><b>Aqu\u00ed Fem Mates? (AFM)<\/b><\/a> \u00e9s un programa de l\u2019EPS adre\u00e7at a l\u2019alumnat i professorat del Grau de Matem\u00e0tiques que, a m\u00e9s de la formaci\u00f3 transversal, pret\u00e9n afavorir la interacci\u00f3 entre la comunitat GMAT+. Entre altres activitats, es realitzen les sessions inaugurals, trobades amb antics estudiants del Grau, confer\u00e8ncies de car\u00e0cter cient\u00edfic i divulgatiu, xerrades per part d\u2019empreses de diversos sectors, concursos, o els AFM Awards amb els quals es conclou cada curs acad\u00e8mic.<span style=\"color: #ff0000;\"><br \/><\/span><\/p>\n<\/li>\n<\/ul>\n<p align=\"left\" style=\"line-height: 100%; orphans: 2; widows: 2; margin-bottom: 0cm;\"><a href=\"https:\/\/seras.uib.cat\/estiu\"><u><b>Activitats #Ser\u00e0sUIB d\u2019estiu<\/b><\/u><\/a>:<\/p>\n<ul>\n<li>\n<p align=\"left\" style=\"line-height: 100%; orphans: 2; widows: 2; margin-bottom: 0cm;\"><a href=\"https:\/\/seras.uib.cat\/estiu\/campus_cientificotecnic\/\"><u><b>Campus Cientificot\u00e8cnic d\u2019Estiu<\/b><\/u><\/a><b>: <\/b>l\u2019objectiu principal \u00e9s fomentar l\u2019inter\u00e8s per la ci\u00e8ncia, la tecnologia i la innovaci\u00f3 entre estudiants de 4t d\u2019ESO i 1r de batxillerat de les Illes Balears i incentivar l\u2019acc\u00e9s dels estudiants a les titulacions cientificot\u00e8cniques;<\/p>\n<\/li>\n<li>\n<p align=\"left\" style=\"line-height: 100%; orphans: 2; widows: 2; margin-bottom: 0cm;\"><a href=\"https:\/\/eps.uib.es\/campus-futurtech\/\"><span style=\"color: #1155cc;\"><u><b>Campus FuturTech<\/b><\/u><\/span><\/a>: Per alumnes de 10 a 16 anys amb l\u2019objectiu de difondre l\u2019inter\u00e8s per la tecnologia, l\u2019enginyeria i la ci\u00e8ncia amb activitats basades en la rob\u00f2tica, la programaci\u00f3 i la impressi\u00f3 3D en col\u00b7laboraci\u00f3 amb Robotix Balears.<\/p>\n<\/li>\n<li>\n<p align=\"left\" style=\"line-height: 100%; orphans: 2; widows: 2; margin-bottom: 0cm;\"><a href=\"https:\/\/seras.uib.cat\/estiu\/Minicampus-Divertech.cid774905\"><span style=\"color: #1155cc;\"><u><b>Minicampus DiverTech<\/b><\/u><\/span><\/a>: L\u2019objectiu principal \u00e9s desenvolupar la creativitat i l\u2019enginy dels estudiants i incentivar l&#8217;acc\u00e9s dels estudiants de 4t-6\u00e8 de prim\u00e0ria i 1r d\u2019ESO a les titulacions tecnol\u00f2giques.<\/p>\n<\/li>\n<li>\n<p align=\"left\" style=\"line-height: 100%; orphans: 2; widows: 2; margin-bottom: 0cm;\"><a href=\"https:\/\/seras.uib.cat\/estiu\/petits_cientifics\/\"><u><b>Diada Petits Cient\u00edfics UIB<\/b><\/u><\/a>: \u00c9s un projecte educatiu destinat a estudiants de 6\u00e8 de prim\u00e0ria mitjan\u00e7ant el qual podran gaudir d\u2019un conjunt d\u2019activitats cient\u00edfiques que els permetin despertar la curiositat per l\u2019ampli ventall de possibilitats que ofereix la ci\u00e8ncia, les matem\u00e0tiques, la tecnologia i l\u2019arqueologia.<strong><\/strong><\/p>\n<\/li>\n<li>\n<p align=\"left\" style=\"line-height: 100%; orphans: 2; widows: 2; margin-bottom: 0cm;\"><strong><a href=\"https:\/\/seras.uib.cat\/ninsinines\/nins_nines\/\">La Universitat dels nins i de les nines<\/a>: <\/strong>s\u2019ofereix als estudiants de prim\u00e0ria i a les seves fam\u00edlies la possibilitat de participar en diferents activitats i formar part de la que ser\u00e0 la seva universitat:<\/p>\n<\/li>\n<li>\n<p align=\"left\" style=\"line-height: 100%; orphans: 2; widows: 2; margin-bottom: 0cm;\"><strong>Tallers: <\/strong><\/p>\n<\/li>\n<li>\n<p align=\"left\" style=\"line-height: 100%; orphans: 2; widows: 2; margin-bottom: 0cm;\"><a href=\"https:\/\/seras.uib.cat\/centres-educatius\/Mallorca\/activitats_campus\/tallers\/Taller-de-jocs-per-aprendre-a-pensar.cid758729\">Jocs per aprendre a pensar cient\u00edficament i cr\u00edticament<\/a> (estudiants de 5\u00e8 de prim\u00e0ria)<\/p>\n<\/li>\n<li>\n<p align=\"left\" style=\"line-height: 100%; orphans: 2; widows: 2; margin-bottom: 0cm;\"><a href=\"https:\/\/seras.uib.cat\/centres-educatius\/Mallorca\/activitats_campus\/tallers\/Primer-contacte-amb-la-UIB-Comprendre-el-canvi.cid490488\">Primer contacte amb la UIB (Comprendre el canvi clim\u00e0tic)<\/a> (alumnat 4t-6\u00e8 de prim\u00e0ria).<\/p>\n<\/li>\n<li>\n<p align=\"left\" style=\"line-height: 100%; orphans: 2; widows: 2; margin-bottom: 0cm;\"><a href=\"https:\/\/eps.uib.es\/seraseps\/scratch-a-lescola\">Scratch a l\u2019escola<\/a> (5\u00e8 i 6\u00e8 de prim\u00e0ria)<\/p>\n<\/li>\n<li>\n<p align=\"left\" style=\"line-height: 100%; orphans: 2; widows: 2; margin-bottom: 0cm;\"><a href=\"https:\/\/seras.uib.cat\/centres-educatius\/Mallorca\/altres_activitats\/aventura_cientifica\/\">Aventura Cient\u00edfica a Can T\u00e0pera: Descobreix la ci\u00e8ncia jugant amb la Fundaci\u00f3 Sa Nostra<\/a> (de 3r a 6\u00e8 de prim\u00e0ria) (alumnat de prim\u00e0ria).<\/p>\n<\/li>\n<li>\n<p align=\"left\" style=\"line-height: 100%; orphans: 2; widows: 2; margin-bottom: 0cm;\">Xerrada: <a href=\"https:\/\/seras.uib.cat\/centres-educatius\/Mallorca\/activitats_centres\/magia_IA\/La-magia-de-la-intelligencia-artificial-generativa.cid792256\">La m\u00e0gia de la intel\u00b7lig\u00e8ncia artificial generativa i els seus perills: com les m\u00e0quines creen art, m\u00fasica, imatges, v\u00eddeos i molt m\u00e9s, i qu\u00e8 hem de fer per usar-les correctament<\/a> (Estudiants de 2n, 3r i 4t d&#8217;ESO).<\/p>\n<ul><\/ul>\n<\/li>\n<li>\n<p align=\"left\" style=\"line-height: 100%; orphans: 2; widows: 2; margin-bottom: 0.42cm;\">Xerrada: <a href=\"https:\/\/seras.uib.cat\/centres-educatius\/Mallorca\/activitats_centres\/Ada-Lovelace-va-inventar-la-programacio...-sense.cid795845\">Ada Lovelace va inventar la programaci\u00f3\u2026 sense ordinador<\/a> Estudiants de 5\u00e8 i 6\u00e8 d&#8217;educaci\u00f3 prim\u00e0ria).<\/p>\n<\/li>\n<\/ul>\n<p align=\"left\" style=\"line-height: 100%; orphans: 2; widows: 2; margin-top: 0.42cm; margin-bottom: 0.42cm;\">El Col\u00b7legi Oficial de Qu\u00edmics atorga cada any el <a href=\"https:\/\/quimibal.org\/xxix-premi-sant-albert-a-la-investigacio-quimica-2024\/\"><u><b>Premi Sant Albert<\/b><\/u><\/a><a href=\"https:\/\/quimibal.org\/xxix-premi-sant-albert-a-la-investigacio-quimica-2024\/\"><u> <\/u><\/a> al millor expedient de grau i al millor treball de recerca.<\/p>\n<p align=\"left\" style=\"line-height: 100%; orphans: 2; widows: 2; margin-top: 0.42cm; margin-bottom: 0.42cm;\">La <u><a href=\"https:\/\/fueib.org\/es\/noticias\/fueib\/690\/el-proyecto-propuesta-de-un-aparato-de-entrenamiento-de-hipertrofia-domestico-ultracompacto-gana-la-\">Beca Robot d\u2019Enginyeria Industrial<\/a><\/u><a href=\"https:\/\/fueib.org\/es\/noticias\/fueib\/549\/benat-caira-gana-la-beca-robot-de-ingenieria-industrial\"><u><\/u><\/a> convocada per la UIB a trav\u00e9s de la <a href=\"https:\/\/fueib.org\/\"><u><b>Fundaci\u00f3 Universitat-Empresa de les Illes Balears (FUEIB)<\/b><\/u><\/a> i en col\u00b7laboraci\u00f3 amb l\u2019<a href=\"https:\/\/www.uib.cat\/lauib\/estructura\/Facultats-i-escoles\/epsu\/\"><u><b>Escola Polit\u00e8cnica Superior (EPS)<\/b><\/u><\/a> i la companyia Robot, SA, cobreix el cost total de la matr\u00edcula del M\u00e0ster Universitari en Enginyeria Industrial.<\/p>\n<p align=\"left\" style=\"line-height: 100%; orphans: 2; widows: 2; margin-top: 0.42cm; margin-bottom: 0.42cm;\">En l\u2019\u00e0mbit tecnol\u00f2gic trobam:<span style=\"color: #ff0000;\"><\/span><\/p>\n<ul>\n<li>\n<p align=\"left\" style=\"line-height: 100%; orphans: 2; widows: 2; margin-bottom: 0cm;\"><a href=\"https:\/\/djangogirls.org\/es\/\"><u><b>Djangogirls<\/b><\/u><\/a><b>: <\/b>\u00e9s una organitzaci\u00f3 sense \u00e0nim de lucre i una comunitat que capacita i ajuda les dones a organitzar tallers de programaci\u00f3 gratu\u00efts d\u2019un dia proporcionant eines, recursos i suport. Aqu\u00ed tenim <a href=\"https:\/\/djangogirls.org\/es\/mallorca\/\"><span style=\"color: #1155cc;\"><u><b>DjangoGirls Mallorca.<br \/><\/b><\/u><\/span><\/a><span style=\"color: #ff0000;\"> <\/span><\/p>\n<\/li>\n<li>\n<p align=\"left\" style=\"line-height: 100%; orphans: 2; widows: 2; margin-bottom: 0.42cm;\"><b>Premis <\/b><a href=\"https:\/\/www.wonnowawards.com\/\"><u><b>Wonnow<\/b><\/u><\/a> , una iniciativa conjunta de CaixaBank i Microsoft Ib\u00e9rica per a dones estudiants de ci\u00e8ncies, tecnologia, enginyeria i matem\u00e0tiques amb l\u2019objectiu d\u2019impulsar l\u2019<b>excel\u00b7l\u00e8ncia femenina<\/b> en aquests \u00e0mbits.<span style=\"color: #ff0000;\"><br \/><\/span><br \/>Existeixen iniciatives privades per fomentar la tecnologia i la ci\u00e8ncia als centres educatius, que tamb\u00e9 arriba als de les Illes Balears, com:<\/p>\n<\/li>\n<li>\n<p align=\"left\" style=\"line-height: 100%; orphans: 2; widows: 2; margin-top: 0.42cm; margin-bottom: 0cm;\"><a href=\"https:\/\/www.fundacionendesa.org\/es\/educacion\/retotech-proyecto-de-innovacion-educativa\"><u><b>RetoTech de la Fundaci\u00f3 Endesa: \u00a0<\/b><\/u><\/a><span style=\"color: #ff0000;\"><\/span>RetoTech es desenvolupa durant tot el curs escolar en tres etapes. D\u00b4una banda, la formaci\u00f3 en innovacions educatives que el professorat encarregat rep de part de l\u00b4equip de RetoTech. En segon lloc, el treball a l&#8217;aula dels reptes plantejats, que implica directament els alumnes i en qu\u00e8 el projecte va prenent forma. Per acabar, la preparaci\u00f3 del projecte final.<span style=\"color: #ff0000;\"><br \/><\/span><\/p>\n<\/li>\n<li>\n<p align=\"left\" style=\"line-height: 100%; orphans: 2; widows: 2; margin-bottom: 0.42cm;\">La UOC convoca des del 2016 els <a href=\"https:\/\/premi-equitat.uoc.edu\/\"><u><b>Premis internacionals equit@T<\/b><\/u><\/a> de v\u00eddeo a l\u2019\u00e0mbit de g\u00e8nere i tecnologia per a estudiants de secund\u00e0ria i persones adultes.<span style=\"color: #ff0000;\"><br \/><\/span><\/p>\n<\/li>\n<\/ul>\n<p align=\"left\" style=\"line-height: 100%; orphans: 2; widows: 2; margin-top: 0.42cm; margin-bottom: 0.42cm;\">El <a href=\"https:\/\/pintofscience.es\/que-hacemos\/\"><u><b>Festival Pint of Science<\/b><\/u><\/a> \u00e9s un esdeveniment d\u2019\u00edndole internacional que convida els investigadors m\u00e9s capdavanters a compartir els seus coneixements amb tu en un ambient relaxat i dist\u00e8s: el bar i es du a terme de manera simult\u00e0nia a v\u00e0ries ciutats del m\u00f3n, entre elles Palma.<\/p>\n<p align=\"left\" style=\"line-height: 100%; orphans: 2; widows: 2; margin-top: 0.42cm; margin-bottom: 0.42cm;\">Finalment, una de les l\u00ednies de feina del Departament de Societat Digital de la Fundaci\u00f3 Bit \u00e9s la promoci\u00f3 de les<b> vocacions d\u2019estudis STEM<\/b>, per enc\u00e0rrec de la Direcci\u00f3 General d\u2019Innovaci\u00f3 i Transformaci\u00f3 Digital del GOIB continuam amb les activitats per a despertar vocacions tecnol\u00f2giques entre la infantesa i la joventut de les Illes Balears, integrant la perspectiva de g\u00e8nere i dirigint els missatges cap al g\u00e8nere femen\u00ed. Per aix\u00f2 posam a l\u2019abast de tot el professorat els <a href=\"https:\/\/www.fundaciobit.org\/material-didactic-alineat-amb-la-lomloe-per-les-vocacions-stem-a-labast-dels-centres-educatius\/\"><span style=\"color: #1155cc;\"><u>seg\u00fcents materials indicats per ESO, Batxillerat i FP aliniats amb la LOMLOE<\/u><\/span><\/a>:<\/p>\n<ul>\n<li>\n<p align=\"left\" style=\"line-height: 100%; orphans: 2; widows: 2; margin-top: 0.42cm; margin-bottom: 0cm;\"><a href=\"https:\/\/www.fundaciobit.org\/category\/divulga\/cinetic\/fitxes-cinetic\/\"><span style=\"color: #1155cc;\"><u><b>Fitxes CineTIC<\/b><\/u><\/span><\/a><b>: <\/b>El cinema com a eina per aprendre i plantejar debats sobre tecnologia. Aqu\u00ed hi trobareu fitxes de pel\u00b7l\u00edcules\/s\u00e8ries\/documentals disponibles a les principals plataformes en els quals la tecnologia hi t\u00e9 un paper protagonista. Cada fitxa consta de: fitxa t\u00e8cnica; plataforma on es pot trobar; breu descripci\u00f3 de les tecnologies que apareixen a la pel\u00b7l\u00edcula; qu\u00e8 hi trobam amb perspectiva de g\u00e8nere; algunes reflexions\/temes de debat; enlla\u00e7os on trobar m\u00e9s informaci\u00f3 de la pel\u00b7l\u00edcula; per quines edats est\u00e0 recomanada i un quizz amb preguntes\/respostes sobre la pel\u00b7l\u00edcula.<\/p>\n<\/li>\n<li>\n<p align=\"left\" style=\"line-height: 100%; orphans: 2; widows: 2; margin-bottom: 0cm;\"><a href=\"https:\/\/www.fundaciobit.org\/category\/divulga\/llibres-tic\/fitxesllibrestic\/\"><span style=\"color: #1155cc;\"><u><b>Fitxes Llibres TIC<\/b><\/u><\/span><\/a>: Novel\u00b7les, relats, assajos de ci\u00e8ncia ficci\u00f3\/tecnologia per totes les edats per reflexionar. A cada fitxa hi trobareu: Fitxa t\u00e8cnica; informaci\u00f3 sobre l\u2019autor; resum; perspectiva de g\u00e8nere; conclusions, temes per reflexionar.<\/p>\n<\/li>\n<li>\n<p align=\"left\" style=\"line-height: 100%; orphans: 2; widows: 2; margin-bottom: 0cm;\"><a href=\"https:\/\/www.fundaciobit.org\/els-centres-educatius-poden-sollicitar-lexposicio-itinerant-dones-que-canviaren-el-mon-i-dones-que-canvien-el-mon\/\"><span style=\"color: #1155cc;\"><u><b>Exposici\u00f3 itinerant<\/b><\/u><\/span><\/a>: En el marc del projecte \u201c<a href=\"https:\/\/www.apte.org\/ciencia-tecnologia-en-femenino\"><span style=\"color: #1155cc;\"><u>Ci\u00e8ncia i Tecnologia en femen\u00ed<\/u><\/span><\/a>\u201d que duim a terme en col\u00b7laboraci\u00f3 amb APTE (Associaci\u00f3 de Parcs Tecnol\u00f2gics d\u2019Espanya), posam a disposici\u00f3 dels centres educatius de les Illes Balears la possibilitat d\u2019acollir l\u2019<b>exposici\u00f3 itinerant \u201cDones que canviaren el m\u00f3n\u201d i \u201cDones que canvien el m\u00f3n\u201d <\/b>en la qual es mostra la biografia de dones destacades del m\u00f3n STEM d\u2019arreu del m\u00f3n i tamb\u00e9 de les Illes Balears. L\u2019exposici\u00f3 f\u00edsica, que tamb\u00e9 es pot veure de forma virtual,<b> \u201cDones que canviaren el m\u00f3n\u201d <\/b>(<a href=\"https:\/\/ja.cat\/donesquecanviarenelmon\"><span style=\"color: #1155cc;\"><u><b>https:\/\/ja.cat\/donesquecanviarenelmon<\/b><\/u><\/span><\/a>) i<b> \u201cDones que canvien el m\u00f3n\u201d <\/b>(<a href=\"https:\/\/ja.cat\/donesquecanvienelmon\"><span style=\"color: #1155cc;\"><u><b>https:\/\/ja.cat\/donesquecanvienelmon<\/b><\/u><\/span><\/a>), consisteix en 22 roll-ups de 850 x 2000 m\/m. Per a sol\u00b7licitar-la s\u2019ha d\u2019emplenar <a href=\"https:\/\/docs.google.com\/forms\/d\/e\/1FAIpQLSdhjloci1aD1A8e4imkuF1RJbu2ksLkseySpdni__ureR-bpw\/viewform\">aquest formulari. <\/a>Trobareu tota la informaci\u00f3 detallada <a href=\"https:\/\/www.fundaciobit.org\/els-centres-educatius-poden-sollicitar-lexposicio-itinerant-dones-que-canviaren-el-mon-i-dones-que-canvien-el-mon\/\"><span style=\"color: #1155cc;\"><u><b>aqu\u00ed.<\/b><\/u><\/span><\/a><\/p>\n<\/li>\n<li>\n<p align=\"left\" style=\"line-height: 100%; orphans: 2; widows: 2; margin-bottom: 0cm;\">A m\u00e9s a m\u00e9s, s&#8217;organitza un<a href=\"https:\/\/www.fundaciobit.org\/concurs-tecnosolucions-de-proximitat-2025\/\"> <span style=\"color: #1155cc;\"><u><b>Concurs Tecnosolucions de Proximitat 2025<\/b><\/u><\/span> <\/a>per alumnes de 1r-4t d\u2019ESO.<\/p>\n<\/li>\n<li>\n<p align=\"left\" style=\"line-height: 100%; orphans: 2; widows: 2; margin-bottom: 0.42cm;\">I a les <a href=\"https:\/\/www.fundaciobit.org\/category\/divulga\/entrevistes\/\"><span style=\"color: #1155cc;\"><u>entrevistesTIC<\/u><\/span><\/a> que s\u2019han realitzat a experts en tecnologia es procura tamb\u00e9 entrevistar dones per a proposar-les com a referents femenins o s\u2019aborda el tema de la perspectiva de g\u00e8nere.<a href=\"https:\/\/www.fundaciobit.org\/sollicita-lexposicio-itinerant-dones-que-canvien-el-mon-i-participa-al-concurs-tecnosolucions-de-proximitat\/\">https:\/\/www.fundaciobit.org\/sollicita-lexposicio-itinerant-dones-que-canvien-el-mon-i-participa-al-concurs-tecnosolucions-de-proximitat\/<\/a><\/p>\n<\/li>\n<\/ul>\n<p>[\/et_pb_text][\/et_pb_column][\/et_pb_row][\/et_pb_section][et_pb_section fb_built=\u00bb1&#8243; module_id=\u00bbcontacte\u00bb _builder_version=\u00bb4.7.7&#8243; _module_preset=\u00bbdefault\u00bb da_disable_devices=\u00bboff|off|off\u00bb global_colors_info=\u00bb{}\u00bb da_is_popup=\u00bboff\u00bb da_exit_intent=\u00bboff\u00bb da_has_close=\u00bbon\u00bb da_alt_close=\u00bboff\u00bb da_dark_close=\u00bboff\u00bb da_not_modal=\u00bbon\u00bb da_is_singular=\u00bboff\u00bb da_with_loader=\u00bboff\u00bb da_has_shadow=\u00bbon\u00bb][et_pb_row column_structure=\u00bb1_3,1_3,1_3&#8243; _builder_version=\u00bb4.7.7&#8243; _module_preset=\u00bbdefault\u00bb global_colors_info=\u00bb{}\u00bb][et_pb_column type=\u00bb1_3&#8243; _builder_version=\u00bb4.7.7&#8243; _module_preset=\u00bbdefault\u00bb global_colors_info=\u00bb{}\u00bb][et_pb_text _builder_version=\u00bb4.7.7&#8243; _module_preset=\u00bbdefault\u00bb header_3_font=\u00bb|700|||||||\u00bb header_3_font_size=\u00bb30px\u00bb global_colors_info=\u00bb{}\u00bb]<\/p>\n<h3 class=\"tw-data-text tw-text-large XcVN5d tw-ta\" data-placeholder=\"Traducci\u00f3n\" id=\"tw-target-text\" dir=\"ltr\"><span class=\"Y2IQFc\" lang=\"ca\">Contacte<\/span><\/h3>\n<p>[\/et_pb_text][et_pb_text _builder_version=\u00bb4.7.7&#8243; _module_preset=\u00bbdefault\u00bb text_text_color=\u00bb#000000&#8243; header_3_text_color=\u00bb#000000&#8243; global_colors_info=\u00bb{}\u00bb]<a style=\"font-size: 23px; color: #000\" href=\"cibersocietat@fundaciobit.org \">cibersocietat@fundaciobit.org <\/a>[\/et_pb_text][\/et_pb_column][et_pb_column type=\u00bb1_3&#8243; _builder_version=\u00bb4.7.7&#8243; _module_preset=\u00bbdefault\u00bb global_colors_info=\u00bb{}\u00bb][et_pb_image src=\u00bbhttps:\/\/www.fundaciobit.org\/stem\/wp-content\/uploads\/2021\/10\/logo-govern.png\u00bb title_text=\u00bblogo-govern\u00bb url=\u00bbhttps:\/\/www.caib.es\/seucaib\/ca\/organigrama\/2390343&#8243; align=\u00bbright\u00bb align_tablet=\u00bbleft\u00bb align_phone=\u00bbleft\u00bb align_last_edited=\u00bbon|tablet\u00bb _builder_version=\u00bb4.13.0&#8243; _module_preset=\u00bbdefault\u00bb width=\u00bb70%\u00bb width_tablet=\u00bb45%\u00bb width_phone=\u00bb\u00bb width_last_edited=\u00bbon|phone\u00bb filter_invert=\u00bb100%\u00bb global_colors_info=\u00bb{}\u00bb][\/et_pb_image][\/et_pb_column][et_pb_column type=\u00bb1_3&#8243; _builder_version=\u00bb4.7.7&#8243; _module_preset=\u00bbdefault\u00bb global_colors_info=\u00bb{}\u00bb][et_pb_image src=\u00bbhttps:\/\/www.fundaciobit.org\/stem\/wp-content\/uploads\/2021\/10\/logo-bit.png\u00bb title_text=\u00bblogo-bit\u00bb url=\u00bbhttps:\/\/www.fundaciobit.org\/\u00bb align=\u00bbright\u00bb align_tablet=\u00bbleft\u00bb align_phone=\u00bbleft\u00bb align_last_edited=\u00bbon|tablet\u00bb _builder_version=\u00bb4.13.0&#8243; _module_preset=\u00bbdefault\u00bb width=\u00bb70%\u00bb width_tablet=\u00bb45%\u00bb width_phone=\u00bb\u00bb width_last_edited=\u00bbon|phone\u00bb global_colors_info=\u00bb{}\u00bb][\/et_pb_image][\/et_pb_column][\/et_pb_row][\/et_pb_section][et_pb_section fb_built=\u00bb1&#8243; module_id=\u00bbcontacte\u00bb _builder_version=\u00bb4.7.7&#8243; _module_preset=\u00bbdefault\u00bb da_disable_devices=\u00bboff|off|off\u00bb global_colors_info=\u00bb{}\u00bb da_is_popup=\u00bboff\u00bb da_exit_intent=\u00bboff\u00bb da_has_close=\u00bbon\u00bb da_alt_close=\u00bboff\u00bb da_dark_close=\u00bboff\u00bb da_not_modal=\u00bbon\u00bb da_is_singular=\u00bboff\u00bb da_with_loader=\u00bboff\u00bb da_has_shadow=\u00bbon\u00bb][et_pb_row column_structure=\u00bb1_3,1_3,1_3&#8243; _builder_version=\u00bb4.7.7&#8243; _module_preset=\u00bbdefault\u00bb global_colors_info=\u00bb{}\u00bb][et_pb_column type=\u00bb1_3&#8243; _builder_version=\u00bb4.7.7&#8243; _module_preset=\u00bbdefault\u00bb global_colors_info=\u00bb{}\u00bb][et_pb_text _builder_version=\u00bb4.7.7&#8243; _module_preset=\u00bbdefault\u00bb header_3_font=\u00bb|700|||||||\u00bb header_3_font_size=\u00bb30px\u00bb global_colors_info=\u00bb{}\u00bb]<\/p>\n<h3 class=\"tw-data-text tw-text-large XcVN5d tw-ta\" data-placeholder=\"Traducci\u00f3n\" id=\"tw-target-text\" dir=\"ltr\"><span class=\"Y2IQFc\" lang=\"ca\">Contacte<\/span><\/h3>\n<p>[\/et_pb_text][et_pb_text _builder_version=\u00bb4.7.7&#8243; _module_preset=\u00bbdefault\u00bb text_text_color=\u00bb#000000&#8243; header_3_text_color=\u00bb#000000&#8243; global_colors_info=\u00bb{}\u00bb]<a style=\"font-size: 23px; color: #000\" href=\"cibersocietat@fundaciobit.org \">cibersocietat@fundaciobit.org <\/a>[\/et_pb_text][\/et_pb_column][et_pb_column type=\u00bb1_3&#8243; _builder_version=\u00bb4.7.7&#8243; _module_preset=\u00bbdefault\u00bb global_colors_info=\u00bb{}\u00bb][et_pb_image src=\u00bbhttps:\/\/www.fundaciobit.org\/stem\/wp-content\/uploads\/2021\/10\/logo-govern.png\u00bb title_text=\u00bblogo-govern\u00bb url=\u00bbhttps:\/\/www.caib.es\/seucaib\/ca\/organigrama\/2390343&#8243; align=\u00bbright\u00bb align_tablet=\u00bbleft\u00bb align_phone=\u00bbleft\u00bb align_last_edited=\u00bbon|tablet\u00bb _builder_version=\u00bb4.13.0&#8243; _module_preset=\u00bbdefault\u00bb width=\u00bb70%\u00bb width_tablet=\u00bb45%\u00bb width_phone=\u00bb\u00bb width_last_edited=\u00bbon|phone\u00bb filter_invert=\u00bb100%\u00bb global_colors_info=\u00bb{}\u00bb][\/et_pb_image][\/et_pb_column][et_pb_column type=\u00bb1_3&#8243; _builder_version=\u00bb4.7.7&#8243; _module_preset=\u00bbdefault\u00bb global_colors_info=\u00bb{}\u00bb][et_pb_image src=\u00bbhttps:\/\/www.fundaciobit.org\/stem\/wp-content\/uploads\/2021\/10\/logo-bit.png\u00bb title_text=\u00bblogo-bit\u00bb url=\u00bbhttps:\/\/www.fundaciobit.org\/\u00bb align=\u00bbright\u00bb align_tablet=\u00bbleft\u00bb align_phone=\u00bbleft\u00bb align_last_edited=\u00bbon|tablet\u00bb _builder_version=\u00bb4.13.0&#8243; _module_preset=\u00bbdefault\u00bb width=\u00bb70%\u00bb width_tablet=\u00bb45%\u00bb width_phone=\u00bb\u00bb width_last_edited=\u00bbon|phone\u00bb global_colors_info=\u00bb{}\u00bb][\/et_pb_image][\/et_pb_column][\/et_pb_row][\/et_pb_section][et_pb_section fb_built=\u00bb1&#8243; module_id=\u00bbcontacte\u00bb _builder_version=\u00bb4.13.0&#8243; _module_preset=\u00bbdefault\u00bb da_disable_devices=\u00bboff|off|off\u00bb global_colors_info=\u00bb{}\u00bb da_is_popup=\u00bboff\u00bb da_exit_intent=\u00bboff\u00bb da_has_close=\u00bbon\u00bb da_alt_close=\u00bboff\u00bb da_dark_close=\u00bboff\u00bb da_not_modal=\u00bbon\u00bb da_is_singular=\u00bboff\u00bb da_with_loader=\u00bboff\u00bb da_has_shadow=\u00bbon\u00bb][et_pb_row column_structure=\u00bb1_3,1_3,1_3&#8243; _builder_version=\u00bb4.7.7&#8243; _module_preset=\u00bbdefault\u00bb global_colors_info=\u00bb{}\u00bb][et_pb_column type=\u00bb1_3&#8243; _builder_version=\u00bb4.7.7&#8243; _module_preset=\u00bbdefault\u00bb global_colors_info=\u00bb{}\u00bb][et_pb_text _builder_version=\u00bb4.7.7&#8243; _module_preset=\u00bbdefault\u00bb header_3_font=\u00bb|700|||||||\u00bb header_3_font_size=\u00bb30px\u00bb global_colors_info=\u00bb{}\u00bb]<\/p>\n<h3 class=\"tw-data-text tw-text-large XcVN5d tw-ta\" data-placeholder=\"Traducci\u00f3n\" id=\"tw-target-text\" dir=\"ltr\"><span class=\"Y2IQFc\" lang=\"ca\">Contacte<\/span><\/h3>\n<p>[\/et_pb_text][et_pb_text _builder_version=\u00bb4.7.7&#8243; _module_preset=\u00bbdefault\u00bb text_text_color=\u00bb#000000&#8243; header_3_text_color=\u00bb#000000&#8243; global_colors_info=\u00bb{}\u00bb]<a style=\"font-size: 23px; color: #000\" href=\"cibersocietat@fundaciobit.org \">cibersocietat@fundaciobit.org <\/a>[\/et_pb_text][\/et_pb_column][et_pb_column type=\u00bb1_3&#8243; _builder_version=\u00bb4.7.7&#8243; _module_preset=\u00bbdefault\u00bb global_colors_info=\u00bb{}\u00bb][et_pb_image src=\u00bbhttps:\/\/www.fundaciobit.org\/stem\/wp-content\/uploads\/2021\/10\/logo-govern.png\u00bb title_text=\u00bblogo-govern\u00bb url=\u00bbhttps:\/\/www.caib.es\/seucaib\/ca\/organigrama\/2390343&#8243; align=\u00bbright\u00bb align_tablet=\u00bbleft\u00bb align_phone=\u00bbleft\u00bb align_last_edited=\u00bbon|tablet\u00bb _builder_version=\u00bb4.13.0&#8243; _module_preset=\u00bbdefault\u00bb width=\u00bb70%\u00bb width_tablet=\u00bb45%\u00bb width_phone=\u00bb\u00bb width_last_edited=\u00bbon|phone\u00bb filter_invert=\u00bb100%\u00bb global_colors_info=\u00bb{}\u00bb][\/et_pb_image][\/et_pb_column][et_pb_column type=\u00bb1_3&#8243; _builder_version=\u00bb4.7.7&#8243; _module_preset=\u00bbdefault\u00bb global_colors_info=\u00bb{}\u00bb][et_pb_image src=\u00bbhttps:\/\/www.fundaciobit.org\/stem\/wp-content\/uploads\/2021\/10\/logo-bit.png\u00bb title_text=\u00bblogo-bit\u00bb url=\u00bbhttps:\/\/www.fundaciobit.org\/\u00bb align=\u00bbright\u00bb align_tablet=\u00bbleft\u00bb align_phone=\u00bbleft\u00bb align_last_edited=\u00bbon|tablet\u00bb _builder_version=\u00bb4.13.0&#8243; _module_preset=\u00bbdefault\u00bb width=\u00bb70%\u00bb width_tablet=\u00bb45%\u00bb width_phone=\u00bb\u00bb width_last_edited=\u00bbon|phone\u00bb global_colors_info=\u00bb{}\u00bb][\/et_pb_image][\/et_pb_column][\/et_pb_row][\/et_pb_section][et_pb_section fb_built=\u00bb1&#8243; module_id=\u00bbcontacte\u00bb _builder_version=\u00bb4.7.7&#8243; _module_preset=\u00bbdefault\u00bb da_disable_devices=\u00bboff|off|off\u00bb global_colors_info=\u00bb{}\u00bb da_is_popup=\u00bboff\u00bb da_exit_intent=\u00bboff\u00bb da_has_close=\u00bbon\u00bb da_alt_close=\u00bboff\u00bb da_dark_close=\u00bboff\u00bb da_not_modal=\u00bbon\u00bb da_is_singular=\u00bboff\u00bb da_with_loader=\u00bboff\u00bb da_has_shadow=\u00bbon\u00bb][et_pb_row column_structure=\u00bb1_3,1_3,1_3&#8243; _builder_version=\u00bb4.7.7&#8243; _module_preset=\u00bbdefault\u00bb global_colors_info=\u00bb{}\u00bb][et_pb_column type=\u00bb1_3&#8243; _builder_version=\u00bb4.7.7&#8243; _module_preset=\u00bbdefault\u00bb global_colors_info=\u00bb{}\u00bb][et_pb_text _builder_version=\u00bb4.7.7&#8243; _module_preset=\u00bbdefault\u00bb header_3_font=\u00bb|700|||||||\u00bb header_3_font_size=\u00bb30px\u00bb global_colors_info=\u00bb{}\u00bb]<\/p>\n<h3 class=\"tw-data-text tw-text-large XcVN5d tw-ta\" data-placeholder=\"Traducci\u00f3n\" id=\"tw-target-text\" dir=\"ltr\"><span class=\"Y2IQFc\" lang=\"ca\">Contacte<\/span><\/h3>\n<p>[\/et_pb_text][et_pb_text _builder_version=\u00bb4.7.7&#8243; _module_preset=\u00bbdefault\u00bb text_text_color=\u00bb#000000&#8243; header_3_text_color=\u00bb#000000&#8243; global_colors_info=\u00bb{}\u00bb]<a style=\"font-size: 23px; color: #000\" href=\"cibersocietat@fundaciobit.org \">cibersocietat@fundaciobit.org <\/a>[\/et_pb_text][\/et_pb_column][et_pb_column type=\u00bb1_3&#8243; _builder_version=\u00bb4.7.7&#8243; _module_preset=\u00bbdefault\u00bb global_colors_info=\u00bb{}\u00bb][et_pb_image src=\u00bbhttps:\/\/www.fundaciobit.org\/stem\/wp-content\/uploads\/2021\/10\/logo-govern.png\u00bb title_text=\u00bblogo-govern\u00bb url=\u00bbhttps:\/\/www.caib.es\/seucaib\/ca\/organigrama\/2390343&#8243; align=\u00bbright\u00bb align_tablet=\u00bbleft\u00bb align_phone=\u00bbleft\u00bb align_last_edited=\u00bbon|tablet\u00bb _builder_version=\u00bb4.13.0&#8243; _module_preset=\u00bbdefault\u00bb width=\u00bb70%\u00bb width_tablet=\u00bb45%\u00bb width_phone=\u00bb\u00bb width_last_edited=\u00bbon|phone\u00bb filter_invert=\u00bb100%\u00bb global_colors_info=\u00bb{}\u00bb][\/et_pb_image][\/et_pb_column][et_pb_column type=\u00bb1_3&#8243; _builder_version=\u00bb4.7.7&#8243; _module_preset=\u00bbdefault\u00bb global_colors_info=\u00bb{}\u00bb][et_pb_image src=\u00bbhttps:\/\/www.fundaciobit.org\/stem\/wp-content\/uploads\/2021\/10\/logo-bit.png\u00bb title_text=\u00bblogo-bit\u00bb url=\u00bbhttps:\/\/www.fundaciobit.org\/\u00bb align=\u00bbright\u00bb align_tablet=\u00bbleft\u00bb align_phone=\u00bbleft\u00bb align_last_edited=\u00bbon|tablet\u00bb _builder_version=\u00bb4.13.0&#8243; _module_preset=\u00bbdefault\u00bb width=\u00bb70%\u00bb width_tablet=\u00bb45%\u00bb width_phone=\u00bb\u00bb width_last_edited=\u00bbon|phone\u00bb global_colors_info=\u00bb{}\u00bb][\/et_pb_image][\/et_pb_column][\/et_pb_row][\/et_pb_section][et_pb_section fb_built=\u00bb1&#8243; module_id=\u00bbcontacte\u00bb _builder_version=\u00bb4.7.7&#8243; _module_preset=\u00bbdefault\u00bb da_disable_devices=\u00bboff|off|off\u00bb global_colors_info=\u00bb{}\u00bb da_is_popup=\u00bboff\u00bb da_exit_intent=\u00bboff\u00bb da_has_close=\u00bbon\u00bb da_alt_close=\u00bboff\u00bb da_dark_close=\u00bboff\u00bb da_not_modal=\u00bbon\u00bb da_is_singular=\u00bboff\u00bb da_with_loader=\u00bboff\u00bb da_has_shadow=\u00bbon\u00bb][et_pb_row column_structure=\u00bb1_3,1_3,1_3&#8243; _builder_version=\u00bb4.7.7&#8243; _module_preset=\u00bbdefault\u00bb global_colors_info=\u00bb{}\u00bb][et_pb_column type=\u00bb1_3&#8243; _builder_version=\u00bb4.7.7&#8243; _module_preset=\u00bbdefault\u00bb global_colors_info=\u00bb{}\u00bb][et_pb_text _builder_version=\u00bb4.7.7&#8243; _module_preset=\u00bbdefault\u00bb header_3_font=\u00bb|700|||||||\u00bb header_3_font_size=\u00bb30px\u00bb global_colors_info=\u00bb{}\u00bb]<\/p>\n<h3 class=\"tw-data-text tw-text-large XcVN5d tw-ta\" data-placeholder=\"Traducci\u00f3n\" id=\"tw-target-text\" dir=\"ltr\"><span class=\"Y2IQFc\" lang=\"ca\">Contacte<\/span><\/h3>\n<p>[\/et_pb_text][et_pb_text _builder_version=\u00bb4.7.7&#8243; _module_preset=\u00bbdefault\u00bb text_text_color=\u00bb#000000&#8243; header_3_text_color=\u00bb#000000&#8243; global_colors_info=\u00bb{}\u00bb]<a style=\"font-size: 23px; color: #000\" href=\"cibersocietat@fundaciobit.org \">cibersocietat@fundaciobit.org <\/a>[\/et_pb_text][\/et_pb_column][et_pb_column type=\u00bb1_3&#8243; _builder_version=\u00bb4.7.7&#8243; _module_preset=\u00bbdefault\u00bb global_colors_info=\u00bb{}\u00bb][et_pb_image src=\u00bbhttps:\/\/www.fundaciobit.org\/stem\/wp-content\/uploads\/2021\/10\/logo-govern.png\u00bb title_text=\u00bblogo-govern\u00bb url=\u00bbhttps:\/\/www.caib.es\/seucaib\/ca\/organigrama\/2390343&#8243; align=\u00bbright\u00bb align_tablet=\u00bbleft\u00bb align_phone=\u00bbleft\u00bb align_last_edited=\u00bbon|tablet\u00bb _builder_version=\u00bb4.13.0&#8243; _module_preset=\u00bbdefault\u00bb width=\u00bb70%\u00bb width_tablet=\u00bb45%\u00bb width_phone=\u00bb\u00bb width_last_edited=\u00bbon|phone\u00bb filter_invert=\u00bb100%\u00bb global_colors_info=\u00bb{}\u00bb][\/et_pb_image][\/et_pb_column][et_pb_column type=\u00bb1_3&#8243; _builder_version=\u00bb4.7.7&#8243; _module_preset=\u00bbdefault\u00bb global_colors_info=\u00bb{}\u00bb][et_pb_image src=\u00bbhttps:\/\/www.fundaciobit.org\/stem\/wp-content\/uploads\/2021\/10\/logo-bit.png\u00bb title_text=\u00bblogo-bit\u00bb url=\u00bbhttps:\/\/www.fundaciobit.org\/\u00bb align=\u00bbright\u00bb align_tablet=\u00bbleft\u00bb align_phone=\u00bbleft\u00bb align_last_edited=\u00bbon|tablet\u00bb _builder_version=\u00bb4.13.0&#8243; _module_preset=\u00bbdefault\u00bb width=\u00bb70%\u00bb width_tablet=\u00bb45%\u00bb width_phone=\u00bb\u00bb width_last_edited=\u00bbon|phone\u00bb global_colors_info=\u00bb{}\u00bb][\/et_pb_image][\/et_pb_column][\/et_pb_row][\/et_pb_section]<\/p>\n","protected":false},"excerpt":{"rendered":"<p>Iniciatives a les Illes Balears per fomentar les vocacions STEM i tecnol\u00f2giques.&nbsp; &nbsp; A les Illes Balears existeixen actualment un bon grapat d\u2019iniciatives encaminades a donar visibilitat a les dones STEM i a incentivar les vocacions STEM i tecnol\u00f2giques a nines i nins de les escoles. La\u00a0Plataforma 11F Balears est\u00e0 constitu\u00efda per un grup de [&hellip;]<\/p>\n","protected":false},"author":1,"featured_media":0,"parent":0,"menu_order":0,"comment_status":"closed","ping_status":"closed","template":"","meta":{"_et_pb_use_builder":"on","_et_pb_old_content":"","_et_gb_content_width":"","footnotes":""},"class_list":["post-386","page","type-page","status-publish","hentry"],"_links":{"self":[{"href":"https:\/\/www.fundaciobit.org\/stem\/wp-json\/wp\/v2\/pages\/386","targetHints":{"allow":["GET"]}}],"collection":[{"href":"https:\/\/www.fundaciobit.org\/stem\/wp-json\/wp\/v2\/pages"}],"about":[{"href":"https:\/\/www.fundaciobit.org\/stem\/wp-json\/wp\/v2\/types\/page"}],"author":[{"embeddable":true,"href":"https:\/\/www.fundaciobit.org\/stem\/wp-json\/wp\/v2\/users\/1"}],"replies":[{"embeddable":true,"href":"https:\/\/www.fundaciobit.org\/stem\/wp-json\/wp\/v2\/comments?post=386"}],"version-history":[{"count":131,"href":"https:\/\/www.fundaciobit.org\/stem\/wp-json\/wp\/v2\/pages\/386\/revisions"}],"predecessor-version":[{"id":1134,"href":"https:\/\/www.fundaciobit.org\/stem\/wp-json\/wp\/v2\/pages\/386\/revisions\/1134"}],"wp:attachment":[{"href":"https:\/\/www.fundaciobit.org\/stem\/wp-json\/wp\/v2\/media?parent=386"}],"curies":[{"name":"wp","href":"https:\/\/api.w.org\/{rel}","templated":true}]}}